{"id":39193,"date":"2021-06-06T00:24:51","date_gmt":"2021-06-05T22:24:51","guid":{"rendered":"http:\/\/topa.be\/sint-carolus-borromeus\/beschrijving-2\/voorgeschiedenis\/"},"modified":"2021-07-19T14:14:55","modified_gmt":"2021-07-19T12:14:55","slug":"voorgeschiedenis","status":"publish","type":"page","link":"https:\/\/topa.be\/fr\/sint-carolus-borromeus\/beschrijving\/voorgeschiedenis\/","title":{"rendered":"SCB Les ant\u00e9c\u00e9dents"},"content":{"rendered":"\t\t<div data-elementor-type=\"wp-page\" data-elementor-id=\"39193\" class=\"elementor elementor-39193 elementor-33742\" data-elementor-post-type=\"page\">\n\t\t\t\t\t\t<section class=\"elementor-section elementor-top-section elementor-element elementor-element-3eda422 elementor-section-boxed elementor-section-height-default elementor-section-height-default\" data-id=\"3eda422\" data-element_type=\"section\" data-e-type=\"section\">\n\t\t\t\t\t\t<div class=\"elementor-container elementor-column-gap-default\">\n\t\t\t\t\t<div class=\"elementor-column elementor-col-100 elementor-top-column elementor-element elementor-element-cb4b0bd\" data-id=\"cb4b0bd\" data-element_type=\"column\" data-e-type=\"column\">\n\t\t\t<div class=\"elementor-widget-wrap elementor-element-populated\">\n\t\t\t\t\t\t<div class=\"elementor-element elementor-element-5a217f5 elementor-widget elementor-widget-heading\" data-id=\"5a217f5\" data-element_type=\"widget\" data-e-type=\"widget\" data-widget_type=\"heading.default\">\n\t\t\t\t<div class=\"elementor-widget-container\">\n\t\t\t\t\t<h2 class=\"elementor-heading-title elementor-size-default\">L\u2019\u00e9glise des j\u00e9suites \u00e0 Anvers, une r\u00e9v\u00e9lation.<\/h2>\t\t\t\t<\/div>\n\t\t\t\t<\/div>\n\t\t\t\t\t<\/div>\n\t\t<\/div>\n\t\t\t\t\t<\/div>\n\t\t<\/section>\n\t\t\t\t<section class=\"elementor-section elementor-top-section elementor-element elementor-element-4c2653b elementor-section-boxed elementor-section-height-default elementor-section-height-default\" data-id=\"4c2653b\" data-element_type=\"section\" data-e-type=\"section\">\n\t\t\t\t\t\t<div class=\"elementor-container elementor-column-gap-default\">\n\t\t\t\t\t<div class=\"elementor-column elementor-col-100 elementor-top-column elementor-element elementor-element-9fe4f31\" data-id=\"9fe4f31\" data-element_type=\"column\" data-e-type=\"column\">\n\t\t\t<div class=\"elementor-widget-wrap elementor-element-populated\">\n\t\t\t\t\t\t<div class=\"elementor-element elementor-element-1288378 elementor-widget elementor-widget-heading\" data-id=\"1288378\" data-element_type=\"widget\" data-e-type=\"widget\" data-widget_type=\"heading.default\">\n\t\t\t\t<div class=\"elementor-widget-container\">\n\t\t\t\t\t<h1 class=\"elementor-heading-title elementor-size-default\">Les ant\u00e9d\u00e9dents<\/h1>\t\t\t\t<\/div>\n\t\t\t\t<\/div>\n\t\t\t\t\t<\/div>\n\t\t<\/div>\n\t\t\t\t\t<\/div>\n\t\t<\/section>\n\t\t\t\t<section class=\"elementor-section elementor-top-section elementor-element elementor-element-974d263 elementor-section-boxed elementor-section-height-default elementor-section-height-default\" data-id=\"974d263\" data-element_type=\"section\" data-e-type=\"section\">\n\t\t\t\t\t\t<div class=\"elementor-container elementor-column-gap-default\">\n\t\t\t\t\t<div class=\"elementor-column elementor-col-66 elementor-top-column elementor-element elementor-element-168d712\" data-id=\"168d712\" data-element_type=\"column\" data-e-type=\"column\">\n\t\t\t<div class=\"elementor-widget-wrap elementor-element-populated\">\n\t\t\t\t\t\t<div class=\"elementor-element elementor-element-c9591f6 elementor-widget elementor-widget-text-editor\" data-id=\"c9591f6\" data-element_type=\"widget\" data-e-type=\"widget\" data-widget_type=\"text-editor.default\">\n\t\t\t\t<div class=\"elementor-widget-container\">\n\t\t\t\t\t\t\t\t\t<h3><span style=\"color: #3366ff;\">Les premiers j\u00e9suites \u00e0 Anvers (1562\u20131614)<\/span><\/h3>\n\t\t\t\t\t\t\t\t<\/div>\n\t\t\t\t<\/div>\n\t\t\t\t<div class=\"elementor-element elementor-element-568d5bb elementor-widget elementor-widget-text-editor\" data-id=\"568d5bb\" data-element_type=\"widget\" data-e-type=\"widget\" data-widget_type=\"text-editor.default\">\n\t\t\t\t<div class=\"elementor-widget-container\">\n\t\t\t\t\t\t\t\t\t<p style=\"text-align: justify;\">Il \u00e9tait une fois\u2026 un \u00e9tudiant \u00e0 Paris qui \u00e9prouvait des difficult\u00e9s \u00e0 financer ses \u00e9tudes. C\u2019est un homme averti, de la petite noblesse basque espagnole. Il s\u2019appelle I\u00f1igo de Loyola (1491-1556). \u00c0 trois reprises, il se rend aux Pays-Bas. (1529, 1530 et 1531) pour solliciter de l\u2019argent aupr\u00e8s de ses compatriotes richement nantis. Pour rem\u00e9morer son s\u00e9jour \u00e0 Anvers, m\u00e9tropole commerciale, au coin de la Lange Nieuwstraat et de l\u2019actuelle Eikenstraat, un buste et un chronogramme ornaient jadis l\u2019angle de la fa\u00e7ade. Actuellement, il n\u2019y a qu\u2019une modeste petite plaque, contre le mur du vieux cimeti\u00e8re \u00e0 l\u2019entr\u00e9e sud de l\u2019\u00e9glise Saint-Jacques. Sous son nom latinis\u00e9 \u2018Ignatius\u2019, il sera c\u00e9l\u00e8bre dans le monde entier en tant que fondateur de la\u00a0<em>Soci\u00e9t\u00e9 de J\u00e9sus<\/em>, mieux connue comme l\u2019Ordre des j\u00e9suites, reconnu par le pape Paul III en 1540.<\/p>\n<p style=\"text-align: justify;\">Lorsque des ann\u00e9es plus tard la colonie Espagnole d\u2019Anvers d\u00e9sire un chapelain s\u2019exprimant dans sa langue maternelle, elle s\u2019adresse \u00e0 juste titre \u00e0 l\u2019Ordre, jeune et actif, d\u2019origine espagnole. De ce fait, en 1562 vient s\u2019\u00e9tablir ici le premier J\u00e9suite, tr\u00e8s vite suivi par quelques P\u00e8res venant de l\u2019\u00e9tranger pour assurer la pastorale des nombreux espagnols et portugais. Cinq ans plus tard, ils seront aussi nomm\u00e9s aum\u00f4niers militaires aupr\u00e8s de la garnison du Duc d\u2019Albe, casern\u00e9e dans la nouvelle citadelle. Les p\u00e8res louent provisoirement un immeuble au Meir. Apr\u00e8s Louvain (1542) et Bruges (1560), Anvers devient ainsi la troisi\u00e8me fondation de la Soci\u00e9t\u00e9 dans la r\u00e9gion n\u00e9erlandophone.<\/p>\n<p style=\"text-align: justify;\">Les j\u00e9suites aimeraient \u00e9tendre leur champ d\u2019activit\u00e9s par un coll\u00e8ge du cycle secondaire. En 1574, gr\u00e2ce au soutien de g\u00e9n\u00e9reux donateurs, ils ach\u00e8tent pour la somme de 34.000 florins l\u2019illustre \u2018Huys van Aecken\u2019 (la maison d\u2019Aix-la Chapelle), un b\u00e2timent en style gothique tardif autour d\u2019une cour rectangulaire. C\u2019est une des plus grandes et belles habitations patriciennes de la ville situ\u00e9es \u00e0 la Korte Nieuwstraat et \u00e0 la Spuistraat (aujourd\u2019hui disparue mais actuellement au niveau du Campus Carolus de Lessius Antwerpen) par le n\u00e9gociant en m\u00e9tal Erasmus Schetz d\u2019Aix-la-Chapelle.\u00a0 Dans l\u2019angle sud-est de la place actuelle, la porte et les fen\u00eatres \u00e9troites ainsi qu\u2019un pignon sur\u00e9lev\u00e9 est tout ce qu\u2019il en reste.<\/p>\n<p style=\"text-align: justify;\">Les frais occasionn\u00e9s par les travaux de r\u00e9novation ainsi que ceux de la construction d\u2019une chapelle \u00e0 nef unique dans le jardin, exigent encore 10.000 florins qui seront int\u00e9gralement support\u00e9s par F. Frias, un Espagnol fortun\u00e9. Le coll\u00e8ge comptera rapidement environ 300 \u00e9l\u00e8ves.<\/p>\n<p style=\"text-align: justify;\">La sanguinaire Furie Espagnole (1576) \u00e9pargne leur couvent ce qui renforce encore leur image de pr\u00eatres espagnols, fait qui leur sera tr\u00e8s d\u00e9favorable. Anvers se choisit, bien \u00e9videmment une administration r\u00e9volutionnaire antiespagnole qui devient r\u00e9solument calviniste. Les religieux catholiques qui refusent le serment d\u2019all\u00e9geance \u00e0 la R\u00e9publique, doivent quitter la ville, parmi eux les j\u00e9suites en 1578. Les \u2018colonels\u2019 de la garde civile r\u00e9volutionnaire occupent un des locaux du coll\u00e8ge. Cela ressemble fort \u00e0 un coup politique \u00e0 valeur symbolique. D\u2019autant plus que le mobilier est en partie r\u00e9quisitionn\u00e9 pour garnir la r\u00e9sidence de Guillaume d\u2019Orange dans la Citadelle. D\u00e9sormais, les calvinistes pr\u00eachent dans la chapelle des j\u00e9suites, qu\u2019ils \u00ab\u00a0purifient\u00a0\u00bb de tout ce qui est catholique romain.<\/p>\n<p style=\"text-align: justify;\">En 1585 retournement de situation. La ville, assi\u00e9g\u00e9e par Alexandre Farn\u00e8se, revient \u00e0 peine sous l\u2019autorit\u00e9 du pouvoir l\u00e9gitime espagnol que le jour suivant, les j\u00e9suites s\u2019empressent de retrouver leurs possessions et le troisi\u00e8me jour, en pr\u00e9sence du gouverneur, ils c\u00e9l\u00e8brent une messe de louange. Le coll\u00e8ge peut rouvrir ses portes.<\/p>\n\t\t\t\t\t\t\t\t<\/div>\n\t\t\t\t<\/div>\n\t\t\t\t<section class=\"elementor-section elementor-inner-section elementor-element elementor-element-4234443 elementor-section-boxed elementor-section-height-default elementor-section-height-default\" data-id=\"4234443\" data-element_type=\"section\" data-e-type=\"section\">\n\t\t\t\t\t\t<div class=\"elementor-container elementor-column-gap-default\">\n\t\t\t\t\t<div class=\"elementor-column elementor-col-50 elementor-inner-column elementor-element elementor-element-8b226a1\" data-id=\"8b226a1\" data-element_type=\"column\" data-e-type=\"column\">\n\t\t\t<div class=\"elementor-widget-wrap elementor-element-populated\">\n\t\t\t\t\t\t<div class=\"elementor-element elementor-element-d709f91 elementor-align-center elementor-widget elementor-widget-button\" data-id=\"d709f91\" data-element_type=\"widget\" data-e-type=\"widget\" data-widget_type=\"button.default\">\n\t\t\t\t<div class=\"elementor-widget-container\">\n\t\t\t\t\t\t\t\t\t<div class=\"elementor-button-wrapper\">\n\t\t\t\t\t<a class=\"elementor-button elementor-button-link elementor-size-sm\" href=\"https:\/\/topa.be\/fr\/sint-carolus-borromeus\/beschrijving\/voorplein-en-residentie\/\">\n\t\t\t\t\t\t<span class=\"elementor-button-content-wrapper\">\n\t\t\t\t\t\t\t\t\t<span class=\"elementor-button-text\">L\u2019esplanade et la r\u00e9sidence<\/span>\n\t\t\t\t\t<\/span>\n\t\t\t\t\t<\/a>\n\t\t\t\t<\/div>\n\t\t\t\t\t\t\t\t<\/div>\n\t\t\t\t<\/div>\n\t\t\t\t\t<\/div>\n\t\t<\/div>\n\t\t\t\t<div class=\"elementor-column elementor-col-50 elementor-inner-column elementor-element elementor-element-d403b43\" data-id=\"d403b43\" data-element_type=\"column\" data-e-type=\"column\">\n\t\t\t<div class=\"elementor-widget-wrap elementor-element-populated\">\n\t\t\t\t\t\t<div class=\"elementor-element elementor-element-10a2231 elementor-align-center elementor-widget elementor-widget-button\" data-id=\"10a2231\" data-element_type=\"widget\" data-e-type=\"widget\" data-widget_type=\"button.default\">\n\t\t\t\t<div class=\"elementor-widget-container\">\n\t\t\t\t\t\t\t\t\t<div class=\"elementor-button-wrapper\">\n\t\t\t\t\t<a class=\"elementor-button elementor-button-link elementor-size-sm\" href=\"https:\/\/topa.be\/fr\/sint-carolus-borromeus\/beschrijving\/college\/\">\n\t\t\t\t\t\t<span class=\"elementor-button-content-wrapper\">\n\t\t\t\t\t\t\t\t\t<span class=\"elementor-button-text\">Le coll\u00e8ge<\/span>\n\t\t\t\t\t<\/span>\n\t\t\t\t\t<\/a>\n\t\t\t\t<\/div>\n\t\t\t\t\t\t\t\t<\/div>\n\t\t\t\t<\/div>\n\t\t\t\t\t<\/div>\n\t\t<\/div>\n\t\t\t\t\t<\/div>\n\t\t<\/section>\n\t\t\t\t\t<\/div>\n\t\t<\/div>\n\t\t\t\t<div class=\"elementor-column elementor-col-33 elementor-top-column elementor-element elementor-element-a706824\" data-id=\"a706824\" data-element_type=\"column\" data-e-type=\"column\">\n\t\t\t<div class=\"elementor-widget-wrap elementor-element-populated\">\n\t\t\t\t\t\t<div class=\"elementor-element elementor-element-41132de elementor-widget elementor-widget-image\" data-id=\"41132de\" data-element_type=\"widget\" data-e-type=\"widget\" data-widget_type=\"image.default\">\n\t\t\t\t<div class=\"elementor-widget-container\">\n\t\t\t\t\t\t\t\t\t\t\t\t\t\t\t<img fetchpriority=\"high\" decoding=\"async\" width=\"800\" height=\"800\" src=\"https:\/\/topa.be\/wp-content\/uploads\/Sint-Carolus-Borromeus.jpg\" class=\"attachment-large size-large wp-image-29764\" alt=\"\" srcset=\"https:\/\/topa.be\/wp-content\/uploads\/Sint-Carolus-Borromeus.jpg 1023w, https:\/\/topa.be\/wp-content\/uploads\/Sint-Carolus-Borromeus-300x300.jpg 300w, https:\/\/topa.be\/wp-content\/uploads\/Sint-Carolus-Borromeus-200x200.jpg 200w, https:\/\/topa.be\/wp-content\/uploads\/Sint-Carolus-Borromeus-768x768.jpg 768w\" sizes=\"(max-width: 800px) 100vw, 800px\" \/>\t\t\t\t\t\t\t\t\t\t\t\t\t\t\t<\/div>\n\t\t\t\t<\/div>\n\t\t\t\t<div class=\"elementor-element elementor-element-4becb96 elementor-widget elementor-widget-wp-widget-nav_menu\" data-id=\"4becb96\" data-element_type=\"widget\" data-e-type=\"widget\" data-widget_type=\"wp-widget-nav_menu.default\">\n\t\t\t\t<div class=\"elementor-widget-container\">\n\t\t\t\t\t<nav class=\"menu-beschrijving-scb-frans-container\" aria-label=\"Menu\"><ul id=\"menu-beschrijving-scb-frans\" class=\"menu\"><li id=\"menu-item-59856\" class=\"menu-item menu-item-type-post_type menu-item-object-page menu-item-59856\"><a href=\"https:\/\/topa.be\/fr\/sint-carolus-borromeus\/\">\u00c9glise Saint-Charles-Borrom\u00e9<\/a><\/li>\n<li id=\"menu-item-61180\" class=\"menu-item menu-item-type-post_type menu-item-object-page menu-item-has-children menu-item-61180\"><a href=\"https:\/\/topa.be\/fr\/sint-carolus-borromeus\/beschrijving\/\">Histoire &#038; Description<\/a>\n<ul class=\"sub-menu\">\n\t<li id=\"menu-item-59857\" class=\"menu-item menu-item-type-post_type menu-item-object-page menu-item-59857\"><a href=\"https:\/\/topa.be\/fr\/sint-carolus-borromeus\/beschrijving\/inleiding\/\">Introduction<\/a><\/li>\n\t<li id=\"menu-item-59858\" class=\"menu-item menu-item-type-post_type menu-item-object-page menu-item-59858\"><a href=\"https:\/\/topa.be\/fr\/sint-carolus-borromeus\/beschrijving\/historische-context\/\">Le contexte historique<\/a><\/li>\n\t<li id=\"menu-item-59859\" class=\"menu-item menu-item-type-post_type menu-item-object-page menu-item-59859\"><a href=\"https:\/\/topa.be\/fr\/sint-carolus-borromeus\/beschrijving\/voorplein-en-residentie\/\">L\u2019esplanade et la r\u00e9sidence<\/a><\/li>\n\t<li id=\"menu-item-59860\" class=\"menu-item menu-item-type-post_type menu-item-object-page menu-item-59860\"><a href=\"https:\/\/topa.be\/fr\/sint-carolus-borromeus\/beschrijving\/voorgeschiedenis\/\">Les ant\u00e9c\u00e9dents<\/a><\/li>\n\t<li id=\"menu-item-59861\" class=\"menu-item menu-item-type-post_type menu-item-object-page menu-item-59861\"><a href=\"https:\/\/topa.be\/fr\/sint-carolus-borromeus\/beschrijving\/college\/\">Le coll\u00e8ge<\/a><\/li>\n\t<li id=\"menu-item-59862\" class=\"menu-item menu-item-type-post_type menu-item-object-page menu-item-59862\"><a href=\"https:\/\/topa.be\/fr\/sint-carolus-borromeus\/beschrijving\/ruimtewerking\/\">L\u2019effet spatial<\/a><\/li>\n\t<li id=\"menu-item-59863\" class=\"menu-item menu-item-type-post_type menu-item-object-page menu-item-59863\"><a href=\"https:\/\/topa.be\/fr\/sint-carolus-borromeus\/beschrijving\/straatnamen\/\">Le nom des rues<\/a><\/li>\n\t<li id=\"menu-item-59864\" class=\"menu-item menu-item-type-post_type menu-item-object-page menu-item-59864\"><a href=\"https:\/\/topa.be\/fr\/sint-carolus-borromeus\/beschrijving\/professenhuis\/\">La maison professe<\/a><\/li>\n\t<li id=\"menu-item-59865\" class=\"menu-item menu-item-type-post_type menu-item-object-page menu-item-59865\"><a href=\"https:\/\/topa.be\/fr\/sint-carolus-borromeus\/beschrijving\/sodaliteitsgebouw\/\">Le b\u00e2timent des sodalit\u00e9s<\/a><\/li>\n\t<li id=\"menu-item-59866\" class=\"menu-item menu-item-type-post_type menu-item-object-page menu-item-has-children menu-item-59866\"><a href=\"https:\/\/topa.be\/fr\/sint-carolus-borromeus\/beschrijving\/voorgevel\/\">La fa\u00e7ade<\/a>\n\t<ul class=\"sub-menu\">\n\t\t<li id=\"menu-item-59867\" class=\"menu-item menu-item-type-post_type menu-item-object-page menu-item-59867\"><a href=\"https:\/\/topa.be\/fr\/sint-carolus-borromeus\/beschrijving\/voorgevel\/heb-je-me-gezien\/\">M\u2019avez-vous remarqu\u00e9e ?<\/a><\/li>\n\t\t<li id=\"menu-item-59868\" class=\"menu-item menu-item-type-post_type menu-item-object-page menu-item-59868\"><a href=\"https:\/\/topa.be\/fr\/sint-carolus-borromeus\/beschrijving\/voorgevel\/algemeen-nut\/\">Message d\u2019utilit\u00e9 publique<\/a><\/li>\n\t\t<li id=\"menu-item-59869\" class=\"menu-item menu-item-type-post_type menu-item-object-page menu-item-59869\"><a href=\"https:\/\/topa.be\/fr\/sint-carolus-borromeus\/beschrijving\/voorgevel\/geschiedenisboek\/\">L\u2019histoire \u00e0 livre ouvert<\/a><\/li>\n\t<\/ul>\n<\/li>\n\t<li id=\"menu-item-59870\" class=\"menu-item menu-item-type-post_type menu-item-object-page menu-item-59870\"><a href=\"https:\/\/topa.be\/fr\/sint-carolus-borromeus\/beschrijving\/toren\/\">La tour<\/a><\/li>\n\t<li id=\"menu-item-59871\" class=\"menu-item menu-item-type-post_type menu-item-object-page menu-item-59871\"><a href=\"https:\/\/topa.be\/fr\/sint-carolus-borromeus\/beschrijving\/interieur\/\">L\u2019int\u00e9rieur<\/a><\/li>\n\t<li id=\"menu-item-59872\" class=\"menu-item menu-item-type-post_type menu-item-object-page menu-item-59872\"><a href=\"https:\/\/topa.be\/fr\/sint-carolus-borromeus\/beschrijving\/hoofdaltaar\/\">Le ma\u00eetre-autel<\/a><\/li>\n\t<li id=\"menu-item-59873\" class=\"menu-item menu-item-type-post_type menu-item-object-page menu-item-59873\"><a href=\"https:\/\/topa.be\/fr\/sint-carolus-borromeus\/beschrijving\/preekstoel\/\">La chaire de v\u00e9rit\u00e9<\/a><\/li>\n\t<li id=\"menu-item-59874\" class=\"menu-item menu-item-type-post_type menu-item-object-page menu-item-59874\"><a href=\"https:\/\/topa.be\/fr\/sint-carolus-borromeus\/beschrijving\/biechtstoelen\/\">Les confessionnaux<\/a><\/li>\n\t<li id=\"menu-item-59875\" class=\"menu-item menu-item-type-post_type menu-item-object-page menu-item-59875\"><a href=\"https:\/\/topa.be\/fr\/sint-carolus-borromeus\/beschrijving\/plafondcycli\/\">Les cycles des plafonds<\/a><\/li>\n\t<li id=\"menu-item-59876\" class=\"menu-item menu-item-type-post_type menu-item-object-page menu-item-59876\"><a href=\"https:\/\/topa.be\/fr\/sint-carolus-borromeus\/beschrijving\/mariakapel\/\">La chapelle Mariale<\/a><\/li>\n\t<li id=\"menu-item-59877\" class=\"menu-item menu-item-type-post_type menu-item-object-page menu-item-59877\"><a href=\"https:\/\/topa.be\/fr\/sint-carolus-borromeus\/beschrijving\/sint-ignatiuskapel\/\">La chapelle Saint-Ignace<\/a><\/li>\n\t<li id=\"menu-item-59878\" class=\"menu-item menu-item-type-post_type menu-item-object-page menu-item-59878\"><a href=\"https:\/\/topa.be\/fr\/sint-carolus-borromeus\/beschrijving\/sint-franciscus-xaveriuskapel\/\">La chapelle St. Fran\u00e7ois-Xavier<\/a><\/li>\n\t<li id=\"menu-item-59879\" class=\"menu-item menu-item-type-post_type menu-item-object-page menu-item-59879\"><a href=\"https:\/\/topa.be\/fr\/sint-carolus-borromeus\/beschrijving\/galerijen\/\">Les galeries<\/a><\/li>\n\t<li id=\"menu-item-59880\" class=\"menu-item menu-item-type-post_type menu-item-object-page menu-item-59880\"><a href=\"https:\/\/topa.be\/fr\/sint-carolus-borromeus\/beschrijving\/orgel\/\">L\u2019orgue<\/a><\/li>\n\t<li id=\"menu-item-59881\" class=\"menu-item menu-item-type-post_type menu-item-object-page menu-item-59881\"><a href=\"https:\/\/topa.be\/fr\/sint-carolus-borromeus\/beschrijving\/sacristie\/\">La sacristie<\/a><\/li>\n\t<li id=\"menu-item-59882\" class=\"menu-item menu-item-type-post_type menu-item-object-page menu-item-59882\"><a href=\"https:\/\/topa.be\/fr\/sint-carolus-borromeus\/beschrijving\/buitengaan\/\">En sortant<\/a><\/li>\n\t<li id=\"menu-item-59883\" class=\"menu-item menu-item-type-post_type menu-item-object-page menu-item-59883\"><a href=\"https:\/\/topa.be\/fr\/sint-carolus-borromeus\/beschrijving\/nawoord\/\">\u00c9pilogue<\/a><\/li>\n\t<li id=\"menu-item-59884\" class=\"menu-item menu-item-type-post_type menu-item-object-page menu-item-59884\"><a href=\"https:\/\/topa.be\/fr\/sint-carolus-borromeus\/beschrijving\/bibliografie\/\">Bibliographie<\/a><\/li>\n<\/ul>\n<\/li>\n<\/ul><\/nav>\t\t\t\t<\/div>\n\t\t\t\t<\/div>\n\t\t\t\t\t<\/div>\n\t\t<\/div>\n\t\t\t\t\t<\/div>\n\t\t<\/section>\n\t\t\t\t<\/div>\n\t\t","protected":false},"excerpt":{"rendered":"<p>L\u2019\u00e9glise des j\u00e9suites \u00e0 Anvers, une r\u00e9v\u00e9lation. Les ant\u00e9d\u00e9dents Les premiers j\u00e9suites \u00e0 Anvers (1562\u20131614) Il \u00e9tait une fois\u2026 un \u00e9tudiant \u00e0 Paris qui \u00e9prouvait des difficult\u00e9s \u00e0 financer ses \u00e9tudes. C\u2019est un homme averti, de la petite noblesse basque espagnole. Il s\u2019appelle I\u00f1igo de Loyola (1491-1556). \u00c0 trois reprises, il se rend aux Pays-Bas. [&hellip;]<\/p>\n","protected":false},"author":16,"featured_media":0,"parent":37725,"menu_order":40,"comment_status":"closed","ping_status":"closed","template":"","meta":{"footnotes":""},"class_list":["post-39193","page","type-page","status-publish","hentry"],"aioseo_notices":[],"_links":{"self":[{"href":"https:\/\/topa.be\/fr\/wp-json\/wp\/v2\/pages\/39193","targetHints":{"allow":["GET"]}}],"collection":[{"href":"https:\/\/topa.be\/fr\/wp-json\/wp\/v2\/pages"}],"about":[{"href":"https:\/\/topa.be\/fr\/wp-json\/wp\/v2\/types\/page"}],"author":[{"embeddable":true,"href":"https:\/\/topa.be\/fr\/wp-json\/wp\/v2\/users\/16"}],"replies":[{"embeddable":true,"href":"https:\/\/topa.be\/fr\/wp-json\/wp\/v2\/comments?post=39193"}],"version-history":[{"count":3,"href":"https:\/\/topa.be\/fr\/wp-json\/wp\/v2\/pages\/39193\/revisions"}],"predecessor-version":[{"id":45817,"href":"https:\/\/topa.be\/fr\/wp-json\/wp\/v2\/pages\/39193\/revisions\/45817"}],"up":[{"embeddable":true,"href":"https:\/\/topa.be\/fr\/wp-json\/wp\/v2\/pages\/37725"}],"wp:attachment":[{"href":"https:\/\/topa.be\/fr\/wp-json\/wp\/v2\/media?parent=39193"}],"curies":[{"name":"wp","href":"https:\/\/api.w.org\/{rel}","templated":true}]}}