{"id":39181,"date":"2021-06-06T00:06:53","date_gmt":"2021-06-05T22:06:53","guid":{"rendered":"http:\/\/topa.be\/sint-carolus-borromeus\/beschrijving-2\/toren\/"},"modified":"2021-07-19T14:16:22","modified_gmt":"2021-07-19T12:16:22","slug":"toren","status":"publish","type":"page","link":"https:\/\/topa.be\/fr\/sint-carolus-borromeus\/beschrijving\/toren\/","title":{"rendered":"SCB La tour"},"content":{"rendered":"\t\t<div data-elementor-type=\"wp-page\" data-elementor-id=\"39181\" class=\"elementor elementor-39181 elementor-33756\" data-elementor-post-type=\"page\">\n\t\t\t\t\t\t<section class=\"elementor-section elementor-top-section elementor-element elementor-element-3a8322c elementor-section-boxed elementor-section-height-default elementor-section-height-default\" data-id=\"3a8322c\" data-element_type=\"section\" data-e-type=\"section\">\n\t\t\t\t\t\t<div class=\"elementor-container elementor-column-gap-default\">\n\t\t\t\t\t<div class=\"elementor-column elementor-col-100 elementor-top-column elementor-element elementor-element-fad012d\" data-id=\"fad012d\" data-element_type=\"column\" data-e-type=\"column\">\n\t\t\t<div class=\"elementor-widget-wrap elementor-element-populated\">\n\t\t\t\t\t\t<div class=\"elementor-element elementor-element-1515f3a elementor-widget elementor-widget-heading\" data-id=\"1515f3a\" data-element_type=\"widget\" data-e-type=\"widget\" data-widget_type=\"heading.default\">\n\t\t\t\t<div class=\"elementor-widget-container\">\n\t\t\t\t\t<h2 class=\"elementor-heading-title elementor-size-default\">L\u2019\u00e9glise des j\u00e9suites \u00e0 Anvers, une r\u00e9v\u00e9lation.<\/h2>\t\t\t\t<\/div>\n\t\t\t\t<\/div>\n\t\t\t\t\t<\/div>\n\t\t<\/div>\n\t\t\t\t\t<\/div>\n\t\t<\/section>\n\t\t\t\t<section class=\"elementor-section elementor-top-section elementor-element elementor-element-b098bab elementor-section-boxed elementor-section-height-default elementor-section-height-default\" data-id=\"b098bab\" data-element_type=\"section\" data-e-type=\"section\">\n\t\t\t\t\t\t<div class=\"elementor-container elementor-column-gap-default\">\n\t\t\t\t\t<div class=\"elementor-column elementor-col-100 elementor-top-column elementor-element elementor-element-e5a97c8\" data-id=\"e5a97c8\" data-element_type=\"column\" data-e-type=\"column\">\n\t\t\t<div class=\"elementor-widget-wrap elementor-element-populated\">\n\t\t\t\t\t\t<div class=\"elementor-element elementor-element-92176f8 elementor-widget elementor-widget-heading\" data-id=\"92176f8\" data-element_type=\"widget\" data-e-type=\"widget\" data-widget_type=\"heading.default\">\n\t\t\t\t<div class=\"elementor-widget-container\">\n\t\t\t\t\t<h1 class=\"elementor-heading-title elementor-size-default\">La tour<\/h1>\t\t\t\t<\/div>\n\t\t\t\t<\/div>\n\t\t\t\t\t<\/div>\n\t\t<\/div>\n\t\t\t\t\t<\/div>\n\t\t<\/section>\n\t\t\t\t<section class=\"elementor-section elementor-top-section elementor-element elementor-element-70e61c0 elementor-section-boxed elementor-section-height-default elementor-section-height-default\" data-id=\"70e61c0\" data-element_type=\"section\" data-e-type=\"section\">\n\t\t\t\t\t\t<div class=\"elementor-container elementor-column-gap-default\">\n\t\t\t\t\t<div class=\"elementor-column elementor-col-66 elementor-top-column elementor-element elementor-element-2d884f9\" data-id=\"2d884f9\" data-element_type=\"column\" data-e-type=\"column\">\n\t\t\t<div class=\"elementor-widget-wrap elementor-element-populated\">\n\t\t\t\t\t\t<div class=\"elementor-element elementor-element-928e10c elementor-widget elementor-widget-text-editor\" data-id=\"928e10c\" data-element_type=\"widget\" data-e-type=\"widget\" data-widget_type=\"text-editor.default\">\n\t\t\t\t<div class=\"elementor-widget-container\">\n\t\t\t\t\t\t\t\t\t<h3><span style=\"color: #3366ff;\">\u00c9couter plut\u00f4t que regarder<\/span><\/h3>\n\t\t\t\t\t\t\t\t<\/div>\n\t\t\t\t<\/div>\n\t\t\t\t<div class=\"elementor-element elementor-element-ca89ea4 elementor-widget elementor-widget-text-editor\" data-id=\"ca89ea4\" data-element_type=\"widget\" data-e-type=\"widget\" data-widget_type=\"text-editor.default\">\n\t\t\t\t<div class=\"elementor-widget-container\">\n\t\t\t\t\t\t\t\t\t<figure id=\"attachment_29092\" aria-describedby=\"caption-attachment-29092\" style=\"width: 243px\" class=\"wp-caption alignleft\"><img fetchpriority=\"high\" decoding=\"async\" class=\"wp-image-29092 size-full\" src=\"http:\/\/topa.be\/wp-content\/uploads\/SCB11.bmp\" alt=\"\" width=\"243\" height=\"1024\" srcset=\"https:\/\/topa.be\/wp-content\/uploads\/SCB11.bmp 243w, https:\/\/topa.be\/wp-content\/uploads\/SCB11-71x300.jpg 71w\" sizes=\"(max-width: 243px) 100vw, 243px\" \/><figcaption id=\"caption-attachment-29092\" class=\"wp-caption-text\">La tour, Jacques de la Barre, gravure sur cuivre, vers 1650, \u00a9 Archives Sint-Carolus Borromeuskerk, Antwerpen<\/figcaption><\/figure><p style=\"text-align: justify;\">Pour commencer les offices religieux \u00e0 l\u2019heure pour les croyants qui ne disposaient pas encore d\u2019horloges, les \u00e9glises sont dot\u00e9es de moyens auditifs, des cloches\u00a0; ici depuis 1624. Pour que leur son r\u00e9sonne suffisamment fort par-dessus les toits jusque dans les foyers, ces colosses de bronze doivent pendre \u00e0 bonne hauteur. Ce clocher atteint une hauteur de 58 m, soit six maisons de haut. Que le bronze soit \u00e9galement utile \u00e0 des fins moins pacifiques, les paroissiens le d\u00e9couvrent en 1943 quand les cloches Aloysius (403 kg) et Fran\u00e7ois (588 kg) sont revendiqu\u00e9es par l\u2019occupant allemand. Depuis 1954, quatre cloches sonnent \u00e0 nouveau.<\/p><p style=\"text-align: justify;\">Le style baroque place le clocher derri\u00e8re l\u2019abside. Les raisons en sont :<\/p><ul style=\"text-align: justify;\"><li>esth\u00e9tiques : elle ne peut, en aucune fa\u00e7on, cacher la fa\u00e7ade.<\/li><li>th\u00e9ologiques : elle se trouve ainsi tout pr\u00e8s du ma\u00eetre-autel o\u00f9 l\u2019Eucharistie est c\u00e9l\u00e9br\u00e9e, et pr\u00e8s du tabernacle o\u00f9 les hosties consacr\u00e9es sont conserv\u00e9es. Celles-ci rendent la pr\u00e9sence de J\u00e9sus tangible, de l\u00e0 le \u2018Saint Sacrement\u2019. D\u2019o\u00f9 la pr\u00e9sence depuis le XIX<sup>e<\/sup>\u00a0si\u00e8cle d\u2019un groupe sculpt\u00e9 sur la fa\u00e7ade de la Katelijnevest montrant des angelots en adoration devant un calice et une hostie.<\/li><\/ul><p style=\"text-align: justify;\">La tour de l\u2019\u00e9glise \u00e9tant plac\u00e9e derri\u00e8re une imposante fa\u00e7ade qui coupe la vue, cette petite perle de l\u2019architecture baroque est \u00e0 peine visible depuis la place de l\u2019\u00e9glise. Ses formes \u00e9l\u00e9gantes m\u00e9ritent pourtant toute notre attention.<\/p><p style=\"text-align: justify;\">Quelle \u00e9l\u00e9gance\u00a0: partir d\u2019une base carr\u00e9e pour s\u2019\u00e9lever jusqu\u2019\u00e0 la pointe de la croix. La grande lanterne est couronn\u00e9e d\u2019un petit lanterneau qui sert de socle \u00e0 la croix.<\/p><p style=\"text-align: justify;\">Et que penser de la finesse du quadruple usage d\u2019une ouverture v\u00e9nitienne ou\u00a0<em>serliana\u00a0<\/em>? ce motif consiste en 3 ouvertures entre 4 colonnes : celle du milieu s\u2019ach\u00e8ve en arc \u00e0 demi-cercle, les deux ouvertures lat\u00e9rales par une architrave horizontale. Cette\u00a0<em>serliana<\/em>, d\u2019apr\u00e8s l\u2019architecte Serlio (1475-1554), est un apport de Rubens qui, lors de son long s\u00e9jour au palais ducal de Mantoue, pouvait quotidiennement admirer une tour d\u2019\u00e9glise agr\u00e9ment\u00e9e de ce motif.<\/p><p style=\"text-align: justify;\">Une signalisation routi\u00e8re \u2018Attention, chute de pierre\u00a0!\u2019 eut \u00e9t\u00e9 utile de temps \u00e0 autre. Le 7 avril 1906 la chute d\u2019une pierre de taille provoque la mort d\u2019un tapissier de la Koepoortbrug. D\u00e9but 1990, des gravats ab\u00eement une voiture. Pas \u00e9tonnant car un grand arbre poussait sur la tour ! Depuis lors la tour \u00e9tait envelopp\u00e9e d\u2019\u00e9chafaudages jusqu\u2019\u00e0 la restauration en 2006. \u2018Les moulins du Bon Dieu tournent lentement\u2019, mais cela vaut aussi pour (les moulins de) l\u2019administration.<\/p>\t\t\t\t\t\t\t\t<\/div>\n\t\t\t\t<\/div>\n\t\t\t\t<section class=\"elementor-section elementor-inner-section elementor-element elementor-element-aac9317 elementor-section-boxed elementor-section-height-default elementor-section-height-default\" data-id=\"aac9317\" data-element_type=\"section\" data-e-type=\"section\">\n\t\t\t\t\t\t<div class=\"elementor-container elementor-column-gap-default\">\n\t\t\t\t\t<div class=\"elementor-column elementor-col-50 elementor-inner-column elementor-element elementor-element-9e40e93\" data-id=\"9e40e93\" data-element_type=\"column\" data-e-type=\"column\">\n\t\t\t<div class=\"elementor-widget-wrap elementor-element-populated\">\n\t\t\t\t\t\t<div class=\"elementor-element elementor-element-a2d2fcc elementor-align-center elementor-widget elementor-widget-button\" data-id=\"a2d2fcc\" data-element_type=\"widget\" data-e-type=\"widget\" data-widget_type=\"button.default\">\n\t\t\t\t<div class=\"elementor-widget-container\">\n\t\t\t\t\t\t\t\t\t<div class=\"elementor-button-wrapper\">\n\t\t\t\t\t<a class=\"elementor-button elementor-button-link elementor-size-sm\" href=\"https:\/\/topa.be\/fr\/sint-carolus-borromeus\/beschrijving\/voorgevel\/\">\n\t\t\t\t\t\t<span class=\"elementor-button-content-wrapper\">\n\t\t\t\t\t\t\t\t\t<span class=\"elementor-button-text\">La fa\u00e7ade<\/span>\n\t\t\t\t\t<\/span>\n\t\t\t\t\t<\/a>\n\t\t\t\t<\/div>\n\t\t\t\t\t\t\t\t<\/div>\n\t\t\t\t<\/div>\n\t\t\t\t\t<\/div>\n\t\t<\/div>\n\t\t\t\t<div class=\"elementor-column elementor-col-50 elementor-inner-column elementor-element elementor-element-5aca30d\" data-id=\"5aca30d\" data-element_type=\"column\" data-e-type=\"column\">\n\t\t\t<div class=\"elementor-widget-wrap elementor-element-populated\">\n\t\t\t\t\t\t<div class=\"elementor-element elementor-element-7679971 elementor-align-center elementor-widget elementor-widget-button\" data-id=\"7679971\" data-element_type=\"widget\" data-e-type=\"widget\" data-widget_type=\"button.default\">\n\t\t\t\t<div class=\"elementor-widget-container\">\n\t\t\t\t\t\t\t\t\t<div class=\"elementor-button-wrapper\">\n\t\t\t\t\t<a class=\"elementor-button elementor-button-link elementor-size-sm\" href=\"https:\/\/topa.be\/fr\/sint-carolus-borromeus\/beschrijving\/interieur\/\">\n\t\t\t\t\t\t<span class=\"elementor-button-content-wrapper\">\n\t\t\t\t\t\t\t\t\t<span class=\"elementor-button-text\">L\u2019int\u00e9rieur<\/span>\n\t\t\t\t\t<\/span>\n\t\t\t\t\t<\/a>\n\t\t\t\t<\/div>\n\t\t\t\t\t\t\t\t<\/div>\n\t\t\t\t<\/div>\n\t\t\t\t\t<\/div>\n\t\t<\/div>\n\t\t\t\t\t<\/div>\n\t\t<\/section>\n\t\t\t\t\t<\/div>\n\t\t<\/div>\n\t\t\t\t<div class=\"elementor-column elementor-col-33 elementor-top-column elementor-element elementor-element-7189065\" data-id=\"7189065\" data-element_type=\"column\" data-e-type=\"column\">\n\t\t\t<div class=\"elementor-widget-wrap elementor-element-populated\">\n\t\t\t\t\t\t<div class=\"elementor-element elementor-element-ae6087e elementor-widget elementor-widget-image\" data-id=\"ae6087e\" data-element_type=\"widget\" data-e-type=\"widget\" data-widget_type=\"image.default\">\n\t\t\t\t<div class=\"elementor-widget-container\">\n\t\t\t\t\t\t\t\t\t\t\t\t\t\t\t<img decoding=\"async\" width=\"800\" height=\"800\" src=\"https:\/\/topa.be\/wp-content\/uploads\/Sint-Carolus-Borromeus.jpg\" class=\"attachment-large size-large wp-image-29764\" alt=\"\" srcset=\"https:\/\/topa.be\/wp-content\/uploads\/Sint-Carolus-Borromeus.jpg 1023w, https:\/\/topa.be\/wp-content\/uploads\/Sint-Carolus-Borromeus-300x300.jpg 300w, https:\/\/topa.be\/wp-content\/uploads\/Sint-Carolus-Borromeus-200x200.jpg 200w, https:\/\/topa.be\/wp-content\/uploads\/Sint-Carolus-Borromeus-768x768.jpg 768w\" sizes=\"(max-width: 800px) 100vw, 800px\" \/>\t\t\t\t\t\t\t\t\t\t\t\t\t\t\t<\/div>\n\t\t\t\t<\/div>\n\t\t\t\t<div class=\"elementor-element elementor-element-c751e39 elementor-widget elementor-widget-wp-widget-nav_menu\" data-id=\"c751e39\" data-element_type=\"widget\" data-e-type=\"widget\" data-widget_type=\"wp-widget-nav_menu.default\">\n\t\t\t\t<div class=\"elementor-widget-container\">\n\t\t\t\t\t<nav class=\"menu-beschrijving-scb-frans-container\" aria-label=\"Menu\"><ul id=\"menu-beschrijving-scb-frans\" class=\"menu\"><li id=\"menu-item-59856\" class=\"menu-item menu-item-type-post_type menu-item-object-page menu-item-59856\"><a href=\"https:\/\/topa.be\/fr\/sint-carolus-borromeus\/\">\u00c9glise Saint-Charles-Borrom\u00e9<\/a><\/li>\n<li id=\"menu-item-61180\" class=\"menu-item menu-item-type-post_type menu-item-object-page menu-item-has-children menu-item-61180\"><a href=\"https:\/\/topa.be\/fr\/sint-carolus-borromeus\/beschrijving\/\">Histoire &#038; Description<\/a>\n<ul class=\"sub-menu\">\n\t<li id=\"menu-item-59857\" class=\"menu-item menu-item-type-post_type menu-item-object-page menu-item-59857\"><a href=\"https:\/\/topa.be\/fr\/sint-carolus-borromeus\/beschrijving\/inleiding\/\">Introduction<\/a><\/li>\n\t<li id=\"menu-item-59858\" class=\"menu-item menu-item-type-post_type menu-item-object-page menu-item-59858\"><a href=\"https:\/\/topa.be\/fr\/sint-carolus-borromeus\/beschrijving\/historische-context\/\">Le contexte historique<\/a><\/li>\n\t<li id=\"menu-item-59859\" class=\"menu-item menu-item-type-post_type menu-item-object-page menu-item-59859\"><a href=\"https:\/\/topa.be\/fr\/sint-carolus-borromeus\/beschrijving\/voorplein-en-residentie\/\">L\u2019esplanade et la r\u00e9sidence<\/a><\/li>\n\t<li id=\"menu-item-59860\" class=\"menu-item menu-item-type-post_type menu-item-object-page menu-item-59860\"><a href=\"https:\/\/topa.be\/fr\/sint-carolus-borromeus\/beschrijving\/voorgeschiedenis\/\">Les ant\u00e9c\u00e9dents<\/a><\/li>\n\t<li id=\"menu-item-59861\" class=\"menu-item menu-item-type-post_type menu-item-object-page menu-item-59861\"><a href=\"https:\/\/topa.be\/fr\/sint-carolus-borromeus\/beschrijving\/college\/\">Le coll\u00e8ge<\/a><\/li>\n\t<li id=\"menu-item-59862\" class=\"menu-item menu-item-type-post_type menu-item-object-page menu-item-59862\"><a href=\"https:\/\/topa.be\/fr\/sint-carolus-borromeus\/beschrijving\/ruimtewerking\/\">L\u2019effet spatial<\/a><\/li>\n\t<li id=\"menu-item-59863\" class=\"menu-item menu-item-type-post_type menu-item-object-page menu-item-59863\"><a href=\"https:\/\/topa.be\/fr\/sint-carolus-borromeus\/beschrijving\/straatnamen\/\">Le nom des rues<\/a><\/li>\n\t<li id=\"menu-item-59864\" class=\"menu-item menu-item-type-post_type menu-item-object-page menu-item-59864\"><a href=\"https:\/\/topa.be\/fr\/sint-carolus-borromeus\/beschrijving\/professenhuis\/\">La maison professe<\/a><\/li>\n\t<li id=\"menu-item-59865\" class=\"menu-item menu-item-type-post_type menu-item-object-page menu-item-59865\"><a href=\"https:\/\/topa.be\/fr\/sint-carolus-borromeus\/beschrijving\/sodaliteitsgebouw\/\">Le b\u00e2timent des sodalit\u00e9s<\/a><\/li>\n\t<li id=\"menu-item-59866\" class=\"menu-item menu-item-type-post_type menu-item-object-page menu-item-has-children menu-item-59866\"><a href=\"https:\/\/topa.be\/fr\/sint-carolus-borromeus\/beschrijving\/voorgevel\/\">La fa\u00e7ade<\/a>\n\t<ul class=\"sub-menu\">\n\t\t<li id=\"menu-item-59867\" class=\"menu-item menu-item-type-post_type menu-item-object-page menu-item-59867\"><a href=\"https:\/\/topa.be\/fr\/sint-carolus-borromeus\/beschrijving\/voorgevel\/heb-je-me-gezien\/\">M\u2019avez-vous remarqu\u00e9e ?<\/a><\/li>\n\t\t<li id=\"menu-item-59868\" class=\"menu-item menu-item-type-post_type menu-item-object-page menu-item-59868\"><a href=\"https:\/\/topa.be\/fr\/sint-carolus-borromeus\/beschrijving\/voorgevel\/algemeen-nut\/\">Message d\u2019utilit\u00e9 publique<\/a><\/li>\n\t\t<li id=\"menu-item-59869\" class=\"menu-item menu-item-type-post_type menu-item-object-page menu-item-59869\"><a href=\"https:\/\/topa.be\/fr\/sint-carolus-borromeus\/beschrijving\/voorgevel\/geschiedenisboek\/\">L\u2019histoire \u00e0 livre ouvert<\/a><\/li>\n\t<\/ul>\n<\/li>\n\t<li id=\"menu-item-59870\" class=\"menu-item menu-item-type-post_type menu-item-object-page menu-item-59870\"><a href=\"https:\/\/topa.be\/fr\/sint-carolus-borromeus\/beschrijving\/toren\/\">La tour<\/a><\/li>\n\t<li id=\"menu-item-59871\" class=\"menu-item menu-item-type-post_type menu-item-object-page menu-item-59871\"><a href=\"https:\/\/topa.be\/fr\/sint-carolus-borromeus\/beschrijving\/interieur\/\">L\u2019int\u00e9rieur<\/a><\/li>\n\t<li id=\"menu-item-59872\" class=\"menu-item menu-item-type-post_type menu-item-object-page menu-item-59872\"><a href=\"https:\/\/topa.be\/fr\/sint-carolus-borromeus\/beschrijving\/hoofdaltaar\/\">Le ma\u00eetre-autel<\/a><\/li>\n\t<li id=\"menu-item-59873\" class=\"menu-item menu-item-type-post_type menu-item-object-page menu-item-59873\"><a href=\"https:\/\/topa.be\/fr\/sint-carolus-borromeus\/beschrijving\/preekstoel\/\">La chaire de v\u00e9rit\u00e9<\/a><\/li>\n\t<li id=\"menu-item-59874\" class=\"menu-item menu-item-type-post_type menu-item-object-page menu-item-59874\"><a href=\"https:\/\/topa.be\/fr\/sint-carolus-borromeus\/beschrijving\/biechtstoelen\/\">Les confessionnaux<\/a><\/li>\n\t<li id=\"menu-item-59875\" class=\"menu-item menu-item-type-post_type menu-item-object-page menu-item-59875\"><a href=\"https:\/\/topa.be\/fr\/sint-carolus-borromeus\/beschrijving\/plafondcycli\/\">Les cycles des plafonds<\/a><\/li>\n\t<li id=\"menu-item-59876\" class=\"menu-item menu-item-type-post_type menu-item-object-page menu-item-59876\"><a href=\"https:\/\/topa.be\/fr\/sint-carolus-borromeus\/beschrijving\/mariakapel\/\">La chapelle Mariale<\/a><\/li>\n\t<li id=\"menu-item-59877\" class=\"menu-item menu-item-type-post_type menu-item-object-page menu-item-59877\"><a href=\"https:\/\/topa.be\/fr\/sint-carolus-borromeus\/beschrijving\/sint-ignatiuskapel\/\">La chapelle Saint-Ignace<\/a><\/li>\n\t<li id=\"menu-item-59878\" class=\"menu-item menu-item-type-post_type menu-item-object-page menu-item-59878\"><a href=\"https:\/\/topa.be\/fr\/sint-carolus-borromeus\/beschrijving\/sint-franciscus-xaveriuskapel\/\">La chapelle St. Fran\u00e7ois-Xavier<\/a><\/li>\n\t<li id=\"menu-item-59879\" class=\"menu-item menu-item-type-post_type menu-item-object-page menu-item-59879\"><a href=\"https:\/\/topa.be\/fr\/sint-carolus-borromeus\/beschrijving\/galerijen\/\">Les galeries<\/a><\/li>\n\t<li id=\"menu-item-59880\" class=\"menu-item menu-item-type-post_type menu-item-object-page menu-item-59880\"><a href=\"https:\/\/topa.be\/fr\/sint-carolus-borromeus\/beschrijving\/orgel\/\">L\u2019orgue<\/a><\/li>\n\t<li id=\"menu-item-59881\" class=\"menu-item menu-item-type-post_type menu-item-object-page menu-item-59881\"><a href=\"https:\/\/topa.be\/fr\/sint-carolus-borromeus\/beschrijving\/sacristie\/\">La sacristie<\/a><\/li>\n\t<li id=\"menu-item-59882\" class=\"menu-item menu-item-type-post_type menu-item-object-page menu-item-59882\"><a href=\"https:\/\/topa.be\/fr\/sint-carolus-borromeus\/beschrijving\/buitengaan\/\">En sortant<\/a><\/li>\n\t<li id=\"menu-item-59883\" class=\"menu-item menu-item-type-post_type menu-item-object-page menu-item-59883\"><a href=\"https:\/\/topa.be\/fr\/sint-carolus-borromeus\/beschrijving\/nawoord\/\">\u00c9pilogue<\/a><\/li>\n\t<li id=\"menu-item-59884\" class=\"menu-item menu-item-type-post_type menu-item-object-page menu-item-59884\"><a href=\"https:\/\/topa.be\/fr\/sint-carolus-borromeus\/beschrijving\/bibliografie\/\">Bibliographie<\/a><\/li>\n<\/ul>\n<\/li>\n<\/ul><\/nav>\t\t\t\t<\/div>\n\t\t\t\t<\/div>\n\t\t\t\t\t<\/div>\n\t\t<\/div>\n\t\t\t\t\t<\/div>\n\t\t<\/section>\n\t\t\t\t<\/div>\n\t\t","protected":false},"excerpt":{"rendered":"<p>L\u2019\u00e9glise des j\u00e9suites \u00e0 Anvers, une r\u00e9v\u00e9lation. La tour \u00c9couter plut\u00f4t que regarder Pour commencer les offices religieux \u00e0 l\u2019heure pour les croyants qui ne disposaient pas encore d\u2019horloges, les \u00e9glises sont dot\u00e9es de moyens auditifs, des cloches\u00a0; ici depuis 1624. Pour que leur son r\u00e9sonne suffisamment fort par-dessus les toits jusque dans les foyers, [&hellip;]<\/p>\n","protected":false},"author":16,"featured_media":0,"parent":37725,"menu_order":110,"comment_status":"closed","ping_status":"closed","template":"","meta":{"footnotes":""},"class_list":["post-39181","page","type-page","status-publish","hentry"],"aioseo_notices":[],"_links":{"self":[{"href":"https:\/\/topa.be\/fr\/wp-json\/wp\/v2\/pages\/39181","targetHints":{"allow":["GET"]}}],"collection":[{"href":"https:\/\/topa.be\/fr\/wp-json\/wp\/v2\/pages"}],"about":[{"href":"https:\/\/topa.be\/fr\/wp-json\/wp\/v2\/types\/page"}],"author":[{"embeddable":true,"href":"https:\/\/topa.be\/fr\/wp-json\/wp\/v2\/users\/16"}],"replies":[{"embeddable":true,"href":"https:\/\/topa.be\/fr\/wp-json\/wp\/v2\/comments?post=39181"}],"version-history":[{"count":3,"href":"https:\/\/topa.be\/fr\/wp-json\/wp\/v2\/pages\/39181\/revisions"}],"predecessor-version":[{"id":45827,"href":"https:\/\/topa.be\/fr\/wp-json\/wp\/v2\/pages\/39181\/revisions\/45827"}],"up":[{"embeddable":true,"href":"https:\/\/topa.be\/fr\/wp-json\/wp\/v2\/pages\/37725"}],"wp:attachment":[{"href":"https:\/\/topa.be\/fr\/wp-json\/wp\/v2\/media?parent=39181"}],"curies":[{"name":"wp","href":"https:\/\/api.w.org\/{rel}","templated":true}]}}