{"id":38090,"date":"2021-05-28T12:50:53","date_gmt":"2021-05-28T10:50:53","guid":{"rendered":"http:\/\/topa.be\/qr05\/"},"modified":"2021-08-06T19:59:27","modified_gmt":"2021-08-06T17:59:27","slug":"qr05","status":"publish","type":"page","link":"https:\/\/topa.be\/fr\/st-andries\/qr-codes\/qr05\/","title":{"rendered":"SAK QR05 \u2013 La chaire de v\u00e9rit\u00e9"},"content":{"rendered":"\t\t<div data-elementor-type=\"wp-page\" data-elementor-id=\"38090\" class=\"elementor elementor-38090 elementor-33656\" data-elementor-post-type=\"page\">\n\t\t\t\t\t\t<section class=\"elementor-section elementor-top-section elementor-element elementor-element-305bc0c elementor-section-boxed elementor-section-height-default elementor-section-height-default\" data-id=\"305bc0c\" data-element_type=\"section\" data-e-type=\"section\">\n\t\t\t\t\t\t<div class=\"elementor-container elementor-column-gap-default\">\n\t\t\t\t\t<div class=\"elementor-column elementor-col-66 elementor-top-column elementor-element elementor-element-022079e\" data-id=\"022079e\" data-element_type=\"column\" data-e-type=\"column\">\n\t\t\t<div class=\"elementor-widget-wrap elementor-element-populated\">\n\t\t\t\t\t\t<div class=\"elementor-element elementor-element-2a92d86 elementor-widget elementor-widget-heading\" data-id=\"2a92d86\" data-element_type=\"widget\" data-e-type=\"widget\" data-widget_type=\"heading.default\">\n\t\t\t\t<div class=\"elementor-widget-container\">\n\t\t\t\t\t<h2 class=\"elementor-heading-title elementor-size-default\">L\u2019\u00e9glise Saint-Andr\u00e9 d\u2019Anvers<\/h2>\t\t\t\t<\/div>\n\t\t\t\t<\/div>\n\t\t\t\t<div class=\"elementor-element elementor-element-1a5b157 elementor-widget elementor-widget-heading\" data-id=\"1a5b157\" data-element_type=\"widget\" data-e-type=\"widget\" data-widget_type=\"heading.default\">\n\t\t\t\t<div class=\"elementor-widget-container\">\n\t\t\t\t\t<h2 class=\"elementor-heading-title elementor-size-default\">La chaire de v\u00e9rit\u00e9<\/h2>\t\t\t\t<\/div>\n\t\t\t\t<\/div>\n\t\t\t\t<div class=\"elementor-element elementor-element-af43813 elementor-widget elementor-widget-text-editor\" data-id=\"af43813\" data-element_type=\"widget\" data-e-type=\"widget\" data-widget_type=\"text-editor.default\">\n\t\t\t\t<div class=\"elementor-widget-container\">\n\t\t\t\t\t\t\t\t\t<p style=\"text-align: justify;\">Menuiserie: Jan Baptist Van Hool; ensemble sculptural\u00a0<em>L\u2019appel des Ap\u00f4tres Andr\u00e9 et Pierre\u00a0:<\/em>\u00a0Jan Frans Van Geel 1821<\/p>\n<p style=\"text-align: justify;\">En 1559, les richissimes banquiers Fugger font don \u00e0 leur \u00e9glise paroissiale d\u2019une simple chaire Renaissance. Celle-ci fut vendue pour faire place en 1821 \u00e0 la chaire actuelle, une \u0153uvre magistrale en style baroque, connue dans le monde entier, jusqu\u2019aux \u00c9tats-Unis o\u00f9 elle joue un premier r\u00f4le dans un conte pour enfants.<\/p>\n<p style=\"text-align: justify;\">La chaire repr\u00e9sente la vocation des deux premiers ap\u00f4tres, Pierre et Andr\u00e9, le saint patron de la paroisse. Atteignant les confins\u00a0 du r\u00e9alisme, la restitution des personnages, de leurs instruments de travail et de leur prise est stup\u00e9fiante. Le Christ et les deux fr\u00e8res sont grandeur nature, palpables au m\u00eame titre que tous les accessoire: le petit bateau, les rames, le filet de p\u00eache, les poissons. On dirait que tout ce qui a des pattes \u00e0 son corps, comme le crabe et la langoustine est sur le point de s\u2019\u00e9chapper. Selon l\u2019\u00e9vangile, J\u00e9sus s\u2019est adress\u00e9 \u00e0 Andr\u00e9 et \u00e0 Pierre alors qu\u2019ils faisaient leur travail de p\u00eacheurs : \u00ab Venez, suivez-Moi, et je ferai de vous des p\u00eacheurs d\u2019hommes \u00bb. Ils ont abandonn\u00e9 leurs filets sur le champ, \u00e9bahis par une telle injonction.<\/p>\n<p style=\"text-align: justify;\">Quiconque m\u00e9dite sur la vocation ou prie pour ces vocations ne pourrait \u00eatre \u00e0 un meilleur endroit. Celui qui r\u00e9pond \u00e0 l\u2019appel de J\u00e9sus doit cependant se pr\u00e9parer \u00e0 \u00ab porter sa croix \u00bb. Le vaillant Saint-Andr\u00e9 n\u2019a recul\u00e9 devant rien pour payer de son sang sa foi en J\u00e9sus. C\u2019est pourquoi l\u2019instrument de torture des Romains est brandi comme un troph\u00e9e devant les paroissiens. Ils peuvent en effet \u00eatre assur\u00e9s que ce dernier trouvera la vie (\u00e9ternelle) !<\/p>\n<p style=\"text-align: justify;\">Ainsi que le raconte Matthieu (4,18-20):<\/p>\n<p style=\"text-align: justify;\"><em>\u201cComme J\u00e9sus cheminait sur le bord de la mer de Galil\u00e9e, \u00a0il vit deux fr\u00e8res:<br \/>\n<\/em><em>\u00a0Simon, appel\u00e9 Pierre, \u00a0et Andr\u00e9, son fr\u00e8re,<br \/>\n<\/em><em>\u00a0qui jetaient l\u2019\u00e9pervier dans la mer, \u00a0car c\u2019\u00e9taient des p\u00eacheurs.<br \/>\n<\/em><em>\u00a0Et J\u00e9sus leur dit: \u201cVenez \u00e0 ma suite, et je vous ferai p\u00eacheurs d\u2019hom\u00admes\u201d.<br \/>\n<\/em><em>\u00a0Eux, aussit\u00f4t laissant les filets, le suivirent.\u201d<\/em><\/p>\n\t\t\t\t\t\t\t\t<\/div>\n\t\t\t\t<\/div>\n\t\t\t\t<div class=\"elementor-element elementor-element-bed477e elementor-widget elementor-widget-button\" data-id=\"bed477e\" data-element_type=\"widget\" data-e-type=\"widget\" data-widget_type=\"button.default\">\n\t\t\t\t<div class=\"elementor-widget-container\">\n\t\t\t\t\t\t\t\t\t<div class=\"elementor-button-wrapper\">\n\t\t\t\t\t<a class=\"elementor-button elementor-button-link elementor-size-sm\" href=\"http:\/\/topa.be\/en\/st-andries\/beschrijving\/preekstoel\/\">\n\t\t\t\t\t\t<span class=\"elementor-button-content-wrapper\">\n\t\t\t\t\t\t<span class=\"elementor-button-icon\">\n\t\t\t\t<i aria-hidden=\"true\" class=\"fas fa-book-reader\"><\/i>\t\t\t<\/span>\n\t\t\t\t\t\t\t\t\t<span class=\"elementor-button-text\">Read more?<\/span>\n\t\t\t\t\t<\/span>\n\t\t\t\t\t<\/a>\n\t\t\t\t<\/div>\n\t\t\t\t\t\t\t\t<\/div>\n\t\t\t\t<\/div>\n\t\t\t\t\t<\/div>\n\t\t<\/div>\n\t\t\t\t<div class=\"elementor-column elementor-col-33 elementor-top-column elementor-element elementor-element-918ba34\" data-id=\"918ba34\" data-element_type=\"column\" data-e-type=\"column\">\n\t\t\t<div class=\"elementor-widget-wrap elementor-element-populated\">\n\t\t\t\t\t\t<div class=\"elementor-element elementor-element-88eafa3 elementor-nav-menu--dropdown-tablet elementor-nav-menu__text-align-aside elementor-nav-menu--toggle elementor-nav-menu--burger elementor-widget elementor-widget-nav-menu\" data-id=\"88eafa3\" data-element_type=\"widget\" data-e-type=\"widget\" data-settings=\"{&quot;layout&quot;:&quot;vertical&quot;,&quot;submenu_icon&quot;:{&quot;value&quot;:&quot;&lt;i class=\\&quot;fas fa-caret-down\\&quot; aria-hidden=\\&quot;true\\&quot;&gt;&lt;\\\/i&gt;&quot;,&quot;library&quot;:&quot;fa-solid&quot;},&quot;toggle&quot;:&quot;burger&quot;}\" data-widget_type=\"nav-menu.default\">\n\t\t\t\t<div class=\"elementor-widget-container\">\n\t\t\t\t\t\t\t\t<nav aria-label=\"Menu\" class=\"elementor-nav-menu--main elementor-nav-menu__container elementor-nav-menu--layout-vertical e--pointer-framed e--animation-fade\">\n\t\t\t\t<ul id=\"menu-1-88eafa3\" class=\"elementor-nav-menu sm-vertical\"><li class=\"menu-item menu-item-type-post_type menu-item-object-page menu-item-60166\"><a href=\"https:\/\/topa.be\/fr\/st-andries\/qr-codes\/qr01\/\" class=\"elementor-item\">QR01 \u2013 \u00c9glise Saint-Andr\u00e9 \u2013 introduction<\/a><\/li>\n<li class=\"menu-item menu-item-type-post_type menu-item-object-page menu-item-60167\"><a href=\"https:\/\/topa.be\/fr\/st-andries\/qr-codes\/qr02\/\" class=\"elementor-item\">QR02 \u2013 L\u2019histoire<\/a><\/li>\n<li class=\"menu-item menu-item-type-post_type menu-item-object-page menu-item-60211\"><a href=\"https:\/\/topa.be\/fr\/st-andries\/qr-codes\/qr03\/\" class=\"elementor-item\">QR03 \u2013 La tour<\/a><\/li>\n<li class=\"menu-item menu-item-type-post_type menu-item-object-page menu-item-60212\"><a href=\"https:\/\/topa.be\/fr\/st-andries\/qr-codes\/qr04\/\" class=\"elementor-item\">QR04 \u2013 L\u2019int\u00e9rieur<\/a><\/li>\n<li class=\"menu-item menu-item-type-post_type menu-item-object-page menu-item-60213\"><a href=\"https:\/\/topa.be\/fr\/st-andries\/qr-codes\/qr05\/\" class=\"elementor-item\">QR05 \u2013 La chaire de v\u00e9rit\u00e9<\/a><\/li>\n<li class=\"menu-item menu-item-type-post_type menu-item-object-page menu-item-60214\"><a href=\"https:\/\/topa.be\/fr\/st-andries\/qr-codes\/qr06\/\" class=\"elementor-item\">QR06 \u2013 Les autels lat\u00e9raux<\/a><\/li>\n<li class=\"menu-item menu-item-type-post_type menu-item-object-page menu-item-60215\"><a href=\"https:\/\/topa.be\/fr\/st-andries\/qr-codes\/qr07\/\" class=\"elementor-item\">QR07 \u2013 Le Cours de la Vie<\/a><\/li>\n<li class=\"menu-item menu-item-type-post_type menu-item-object-page menu-item-60216\"><a href=\"https:\/\/topa.be\/fr\/st-andries\/qr-codes\/qr08\/\" class=\"elementor-item\">QR08 \u2013 \u00c9pitaphe des augustins<\/a><\/li>\n<li class=\"menu-item menu-item-type-post_type menu-item-object-page menu-item-60217\"><a href=\"https:\/\/topa.be\/fr\/st-andries\/qr-codes\/qr09\/\" class=\"elementor-item\">QR09 \u2013 L\u2019autel Saint-Eloy des monnayeurs<\/a><\/li>\n<li class=\"menu-item menu-item-type-post_type menu-item-object-page menu-item-60218\"><a href=\"https:\/\/topa.be\/fr\/st-andries\/qr-codes\/qr10\/\" class=\"elementor-item\">QR10 \u2013 La salle du tr\u00e9sor<\/a><\/li>\n<li class=\"menu-item menu-item-type-post_type menu-item-object-page menu-item-60219\"><a href=\"https:\/\/topa.be\/fr\/st-andries\/qr-codes\/qr11\/\" class=\"elementor-item\">QR11 \u2013 La chapelle Mariale<\/a><\/li>\n<li class=\"menu-item menu-item-type-post_type menu-item-object-page menu-item-60220\"><a href=\"https:\/\/topa.be\/fr\/st-andries\/qr-codes\/qr12\/\" class=\"elementor-item\">QR12 \u2013 La confr\u00e9rie des \u00c2mes Croyantes<\/a><\/li>\n<li class=\"menu-item menu-item-type-post_type menu-item-object-page menu-item-60255\"><a href=\"https:\/\/topa.be\/fr\/st-andries\/qr-codes\/qr13\/\" class=\"elementor-item\">QR13 \u2013 La statue de Saint Pierre<\/a><\/li>\n<li class=\"menu-item menu-item-type-post_type menu-item-object-page menu-item-60256\"><a href=\"https:\/\/topa.be\/fr\/st-andries\/qr-codes\/qr14\/\" class=\"elementor-item\">QR14 \u2013 Le ma\u00eetre-autel<\/a><\/li>\n<li class=\"menu-item menu-item-type-post_type menu-item-object-page menu-item-60257\"><a href=\"https:\/\/topa.be\/fr\/st-andries\/qr-codes\/qr15\/\" class=\"elementor-item\">QR15 \u2013 Le martyre de Saint Andr\u00e9<\/a><\/li>\n<li class=\"menu-item menu-item-type-post_type menu-item-object-page menu-item-60258\"><a href=\"https:\/\/topa.be\/fr\/st-andries\/qr-codes\/qr16\/\" class=\"elementor-item\">QR16 \u2013 Le ch\u0153ur<\/a><\/li>\n<li class=\"menu-item menu-item-type-post_type menu-item-object-page menu-item-60259\"><a href=\"https:\/\/topa.be\/fr\/st-andries\/qr-codes\/qr17\/\" class=\"elementor-item\">QR17 \u2013 La Chapelle du tr\u00e8s Saint Sacrement<\/a><\/li>\n<li class=\"menu-item menu-item-type-post_type menu-item-object-page menu-item-60260\"><a href=\"https:\/\/topa.be\/fr\/st-andries\/qr-codes\/qr18\/\" class=\"elementor-item\">QR18 \u2013 L\u2019\u00e9pitaphe des dames d\u2019honneur de Mary Stuart<\/a><\/li>\n<li class=\"menu-item menu-item-type-post_type menu-item-object-page menu-item-60261\"><a href=\"https:\/\/topa.be\/fr\/st-andries\/qr-codes\/qr19\/\" class=\"elementor-item\">QR19 \u2013 Qu\u2019est-ce que la v\u00e9rit\u00e9 ?<\/a><\/li>\n<li class=\"menu-item menu-item-type-post_type menu-item-object-page menu-item-60262\"><a href=\"https:\/\/topa.be\/fr\/st-andries\/qr-codes\/qr20\/\" class=\"elementor-item\">QR20 \u2013 Le sac de frappe<\/a><\/li>\n<\/ul>\t\t\t<\/nav>\n\t\t\t\t\t<div class=\"elementor-menu-toggle\" role=\"button\" tabindex=\"0\" aria-label=\"Permuter le menu\" aria-expanded=\"false\">\n\t\t\t<i aria-hidden=\"true\" role=\"presentation\" class=\"elementor-menu-toggle__icon--open eicon-menu-bar\"><\/i><i aria-hidden=\"true\" role=\"presentation\" class=\"elementor-menu-toggle__icon--close eicon-close\"><\/i>\t\t<\/div>\n\t\t\t\t\t<nav class=\"elementor-nav-menu--dropdown elementor-nav-menu__container\" aria-hidden=\"true\">\n\t\t\t\t<ul id=\"menu-2-88eafa3\" class=\"elementor-nav-menu sm-vertical\"><li class=\"menu-item menu-item-type-post_type menu-item-object-page menu-item-60166\"><a href=\"https:\/\/topa.be\/fr\/st-andries\/qr-codes\/qr01\/\" class=\"elementor-item\" tabindex=\"-1\">QR01 \u2013 \u00c9glise Saint-Andr\u00e9 \u2013 introduction<\/a><\/li>\n<li class=\"menu-item menu-item-type-post_type menu-item-object-page menu-item-60167\"><a href=\"https:\/\/topa.be\/fr\/st-andries\/qr-codes\/qr02\/\" class=\"elementor-item\" tabindex=\"-1\">QR02 \u2013 L\u2019histoire<\/a><\/li>\n<li class=\"menu-item menu-item-type-post_type menu-item-object-page menu-item-60211\"><a href=\"https:\/\/topa.be\/fr\/st-andries\/qr-codes\/qr03\/\" class=\"elementor-item\" tabindex=\"-1\">QR03 \u2013 La tour<\/a><\/li>\n<li class=\"menu-item menu-item-type-post_type menu-item-object-page menu-item-60212\"><a href=\"https:\/\/topa.be\/fr\/st-andries\/qr-codes\/qr04\/\" class=\"elementor-item\" tabindex=\"-1\">QR04 \u2013 L\u2019int\u00e9rieur<\/a><\/li>\n<li class=\"menu-item menu-item-type-post_type menu-item-object-page menu-item-60213\"><a href=\"https:\/\/topa.be\/fr\/st-andries\/qr-codes\/qr05\/\" class=\"elementor-item\" tabindex=\"-1\">QR05 \u2013 La chaire de v\u00e9rit\u00e9<\/a><\/li>\n<li class=\"menu-item menu-item-type-post_type menu-item-object-page menu-item-60214\"><a href=\"https:\/\/topa.be\/fr\/st-andries\/qr-codes\/qr06\/\" class=\"elementor-item\" tabindex=\"-1\">QR06 \u2013 Les autels lat\u00e9raux<\/a><\/li>\n<li class=\"menu-item menu-item-type-post_type menu-item-object-page menu-item-60215\"><a href=\"https:\/\/topa.be\/fr\/st-andries\/qr-codes\/qr07\/\" class=\"elementor-item\" tabindex=\"-1\">QR07 \u2013 Le Cours de la Vie<\/a><\/li>\n<li class=\"menu-item menu-item-type-post_type menu-item-object-page menu-item-60216\"><a href=\"https:\/\/topa.be\/fr\/st-andries\/qr-codes\/qr08\/\" class=\"elementor-item\" tabindex=\"-1\">QR08 \u2013 \u00c9pitaphe des augustins<\/a><\/li>\n<li class=\"menu-item menu-item-type-post_type menu-item-object-page menu-item-60217\"><a href=\"https:\/\/topa.be\/fr\/st-andries\/qr-codes\/qr09\/\" class=\"elementor-item\" tabindex=\"-1\">QR09 \u2013 L\u2019autel Saint-Eloy des monnayeurs<\/a><\/li>\n<li class=\"menu-item menu-item-type-post_type menu-item-object-page menu-item-60218\"><a href=\"https:\/\/topa.be\/fr\/st-andries\/qr-codes\/qr10\/\" class=\"elementor-item\" tabindex=\"-1\">QR10 \u2013 La salle du tr\u00e9sor<\/a><\/li>\n<li class=\"menu-item menu-item-type-post_type menu-item-object-page menu-item-60219\"><a href=\"https:\/\/topa.be\/fr\/st-andries\/qr-codes\/qr11\/\" class=\"elementor-item\" tabindex=\"-1\">QR11 \u2013 La chapelle Mariale<\/a><\/li>\n<li class=\"menu-item menu-item-type-post_type menu-item-object-page menu-item-60220\"><a href=\"https:\/\/topa.be\/fr\/st-andries\/qr-codes\/qr12\/\" class=\"elementor-item\" tabindex=\"-1\">QR12 \u2013 La confr\u00e9rie des \u00c2mes Croyantes<\/a><\/li>\n<li class=\"menu-item menu-item-type-post_type menu-item-object-page menu-item-60255\"><a href=\"https:\/\/topa.be\/fr\/st-andries\/qr-codes\/qr13\/\" class=\"elementor-item\" tabindex=\"-1\">QR13 \u2013 La statue de Saint Pierre<\/a><\/li>\n<li class=\"menu-item menu-item-type-post_type menu-item-object-page menu-item-60256\"><a href=\"https:\/\/topa.be\/fr\/st-andries\/qr-codes\/qr14\/\" class=\"elementor-item\" tabindex=\"-1\">QR14 \u2013 Le ma\u00eetre-autel<\/a><\/li>\n<li class=\"menu-item menu-item-type-post_type menu-item-object-page menu-item-60257\"><a href=\"https:\/\/topa.be\/fr\/st-andries\/qr-codes\/qr15\/\" class=\"elementor-item\" tabindex=\"-1\">QR15 \u2013 Le martyre de Saint Andr\u00e9<\/a><\/li>\n<li class=\"menu-item menu-item-type-post_type menu-item-object-page menu-item-60258\"><a href=\"https:\/\/topa.be\/fr\/st-andries\/qr-codes\/qr16\/\" class=\"elementor-item\" tabindex=\"-1\">QR16 \u2013 Le ch\u0153ur<\/a><\/li>\n<li class=\"menu-item menu-item-type-post_type menu-item-object-page menu-item-60259\"><a href=\"https:\/\/topa.be\/fr\/st-andries\/qr-codes\/qr17\/\" class=\"elementor-item\" tabindex=\"-1\">QR17 \u2013 La Chapelle du tr\u00e8s Saint Sacrement<\/a><\/li>\n<li class=\"menu-item menu-item-type-post_type menu-item-object-page menu-item-60260\"><a href=\"https:\/\/topa.be\/fr\/st-andries\/qr-codes\/qr18\/\" class=\"elementor-item\" tabindex=\"-1\">QR18 \u2013 L\u2019\u00e9pitaphe des dames d\u2019honneur de Mary Stuart<\/a><\/li>\n<li class=\"menu-item menu-item-type-post_type menu-item-object-page menu-item-60261\"><a href=\"https:\/\/topa.be\/fr\/st-andries\/qr-codes\/qr19\/\" class=\"elementor-item\" tabindex=\"-1\">QR19 \u2013 Qu\u2019est-ce que la v\u00e9rit\u00e9 ?<\/a><\/li>\n<li class=\"menu-item menu-item-type-post_type menu-item-object-page menu-item-60262\"><a href=\"https:\/\/topa.be\/fr\/st-andries\/qr-codes\/qr20\/\" class=\"elementor-item\" tabindex=\"-1\">QR20 \u2013 Le sac de frappe<\/a><\/li>\n<\/ul>\t\t\t<\/nav>\n\t\t\t\t\t\t<\/div>\n\t\t\t\t<\/div>\n\t\t\t\t\t<\/div>\n\t\t<\/div>\n\t\t\t\t\t<\/div>\n\t\t<\/section>\n\t\t\t\t<\/div>\n\t\t","protected":false},"excerpt":{"rendered":"<p>L\u2019\u00e9glise Saint-Andr\u00e9 d\u2019Anvers La chaire de v\u00e9rit\u00e9 Menuiserie: Jan Baptist Van Hool; ensemble sculptural\u00a0L\u2019appel des Ap\u00f4tres Andr\u00e9 et Pierre\u00a0:\u00a0Jan Frans Van Geel 1821 En 1559, les richissimes banquiers Fugger font don \u00e0 leur \u00e9glise paroissiale d\u2019une simple chaire Renaissance. Celle-ci fut vendue pour faire place en 1821 \u00e0 la chaire actuelle, une \u0153uvre magistrale en [&hellip;]<\/p>\n","protected":false},"author":16,"featured_media":0,"parent":38095,"menu_order":50,"comment_status":"closed","ping_status":"closed","template":"","meta":{"footnotes":""},"class_list":["post-38090","page","type-page","status-publish","hentry"],"aioseo_notices":[],"_links":{"self":[{"href":"https:\/\/topa.be\/fr\/wp-json\/wp\/v2\/pages\/38090","targetHints":{"allow":["GET"]}}],"collection":[{"href":"https:\/\/topa.be\/fr\/wp-json\/wp\/v2\/pages"}],"about":[{"href":"https:\/\/topa.be\/fr\/wp-json\/wp\/v2\/types\/page"}],"author":[{"embeddable":true,"href":"https:\/\/topa.be\/fr\/wp-json\/wp\/v2\/users\/16"}],"replies":[{"embeddable":true,"href":"https:\/\/topa.be\/fr\/wp-json\/wp\/v2\/comments?post=38090"}],"version-history":[{"count":3,"href":"https:\/\/topa.be\/fr\/wp-json\/wp\/v2\/pages\/38090\/revisions"}],"predecessor-version":[{"id":51483,"href":"https:\/\/topa.be\/fr\/wp-json\/wp\/v2\/pages\/38090\/revisions\/51483"}],"up":[{"embeddable":true,"href":"https:\/\/topa.be\/fr\/wp-json\/wp\/v2\/pages\/38095"}],"wp:attachment":[{"href":"https:\/\/topa.be\/fr\/wp-json\/wp\/v2\/media?parent=38090"}],"curies":[{"name":"wp","href":"https:\/\/api.w.org\/{rel}","templated":true}]}}