{"id":37468,"date":"2021-05-22T14:23:30","date_gmt":"2021-05-22T12:23:30","guid":{"rendered":"http:\/\/topa.be\/praktische-informatie\/"},"modified":"2023-07-20T14:30:38","modified_gmt":"2023-07-20T12:30:38","slug":"praktisch","status":"publish","type":"page","link":"https:\/\/topa.be\/fr\/olv-kathedraal\/praktisch\/","title":{"rendered":"OLV Informations pratiques"},"content":{"rendered":"\t\t<div data-elementor-type=\"wp-page\" data-elementor-id=\"37468\" class=\"elementor elementor-37468 elementor-33230\" data-elementor-post-type=\"page\">\n\t\t\t\t\t\t<section class=\"elementor-section elementor-top-section elementor-element elementor-element-5ed2f7f elementor-section-boxed elementor-section-height-default elementor-section-height-default\" data-id=\"5ed2f7f\" data-element_type=\"section\" data-e-type=\"section\">\n\t\t\t\t\t\t<div class=\"elementor-container elementor-column-gap-default\">\n\t\t\t\t\t<div class=\"elementor-column elementor-col-100 elementor-top-column elementor-element elementor-element-ec75627\" data-id=\"ec75627\" data-element_type=\"column\" data-e-type=\"column\">\n\t\t\t<div class=\"elementor-widget-wrap elementor-element-populated\">\n\t\t\t\t\t\t<div class=\"elementor-element elementor-element-d9a80ad elementor-widget elementor-widget-heading\" data-id=\"d9a80ad\" data-element_type=\"widget\" data-e-type=\"widget\" data-widget_type=\"heading.default\">\n\t\t\t\t<div class=\"elementor-widget-container\">\n\t\t\t\t\t<h1 class=\"elementor-heading-title elementor-size-default\">Cath\u00e9drale Notre-Dame<\/h1>\t\t\t\t<\/div>\n\t\t\t\t<\/div>\n\t\t\t\t\t<\/div>\n\t\t<\/div>\n\t\t\t\t\t<\/div>\n\t\t<\/section>\n\t\t\t\t<section class=\"elementor-section elementor-top-section elementor-element elementor-element-d2afebc elementor-section-boxed elementor-section-height-default elementor-section-height-default\" data-id=\"d2afebc\" data-element_type=\"section\" data-e-type=\"section\">\n\t\t\t\t\t\t<div class=\"elementor-container elementor-column-gap-default\">\n\t\t\t\t\t<div class=\"elementor-column elementor-col-100 elementor-top-column elementor-element elementor-element-d0d02db\" data-id=\"d0d02db\" data-element_type=\"column\" data-e-type=\"column\">\n\t\t\t<div class=\"elementor-widget-wrap elementor-element-populated\">\n\t\t\t\t\t\t<div class=\"elementor-element elementor-element-65becec elementor-widget elementor-widget-heading\" data-id=\"65becec\" data-element_type=\"widget\" data-e-type=\"widget\" data-widget_type=\"heading.default\">\n\t\t\t\t<div class=\"elementor-widget-container\">\n\t\t\t\t\t<h2 class=\"elementor-heading-title elementor-size-default\">Informations pratiques<\/h2>\t\t\t\t<\/div>\n\t\t\t\t<\/div>\n\t\t\t\t\t<\/div>\n\t\t<\/div>\n\t\t\t\t\t<\/div>\n\t\t<\/section>\n\t\t\t\t<section class=\"elementor-section elementor-top-section elementor-element elementor-element-2db5bba elementor-section-boxed elementor-section-height-default elementor-section-height-default\" data-id=\"2db5bba\" data-element_type=\"section\" data-e-type=\"section\">\n\t\t\t\t\t\t<div class=\"elementor-container elementor-column-gap-default\">\n\t\t\t\t\t<div class=\"elementor-column elementor-col-66 elementor-top-column elementor-element elementor-element-d59c84a\" data-id=\"d59c84a\" data-element_type=\"column\" data-e-type=\"column\">\n\t\t\t<div class=\"elementor-widget-wrap elementor-element-populated\">\n\t\t\t\t\t\t<div class=\"elementor-element elementor-element-a2d17f8 elementor-widget elementor-widget-text-editor\" data-id=\"a2d17f8\" data-element_type=\"widget\" data-e-type=\"widget\" data-widget_type=\"text-editor.default\">\n\t\t\t\t<div class=\"elementor-widget-container\">\n\t\t\t\t\t\t\t\t\t<p style=\"text-align: justify;\"><strong>Eucharisties<br \/>\n<\/strong>Lundi \u2013 vendredi: 16h00<br \/>\nSamedi: 16u00, 17u30 (orgue \u2013 en Anglais)<br \/>\nDimanche et jours f\u00e9ri\u00e9s: 9h00, 10h00 (choeur et orgue)<br \/>\nDimanche: 17h00 v\u00eapres dans le choeur<br \/>\n<strong>Offices pontificaux:\u00a0<\/strong>lors des jours f\u00e9ri\u00e9s l\u2019\u00e9v\u00eaque d\u2019Anvers pr\u00e9side la messe solanelle \u00e0 10h00, en conc\u00e9l\u00e9bration avec les chanoines du chapitre.<\/p>\n<p style=\"text-align: justify;\"><strong>Heures de visite<br \/>\n<\/strong>Lundi \u2013 vendredi: 10h00 \u2013 17h00.<br \/>\nSamedi: 10h00 \u2013 15h00<br \/>\nDimanche et jours f\u00e9ri\u00e9s: 13h00 \u2013 17h00<br \/>\nSous r\u00e9serve de c\u00e9l\u00e9brations sp\u00e9ciales<br \/>\nVoyez aussi l\u2019offre sous\u00a0<a href=\"https:\/\/topa.be\/fr\/olv-kathedraal\/rondleidingen\/\"><strong>Visites guid\u00e9es<\/strong><\/a><\/p>\n<p style=\"text-align: justify;\"><strong>Prix de la visite touristique<br \/>\n<\/strong>visiteurs individuels : \u20ac12<br \/>\ngroupes (min. 20 pers.), personnes handicap\u00e9es, \u00e9tudiants, 60+ : \u20ac10<br \/>\n-18 ans et habitants de la province d&rsquo;Anvers : entr\u00e9e gratuite<\/p>\n<p style=\"text-align: justify;\"><strong>Info cath\u00e9drale<br \/>\n<\/strong>Groenplaats 21 \u2013 B 2000 Antwerpen<br \/>\ntel. +32 (0)3 213 99 51<br \/>\ne-mail:\u00a0<a href=\"mailto:info@dekathedraal.be\" target=\"_blank\" rel=\"noopener noreferrer\"><strong>info@dekathedraal.be<\/strong><\/a><br \/>\nweb:\u00a0<strong><a href=\"https:\/\/www.dekathedraal.be\/fr\" target=\"_blank\" rel=\"noopener\">www.dekathedraal.be<\/a><\/strong><\/p>\n<p style=\"text-align: justify;\"><strong>Secr\u00e9tariat paroissial<br \/>\n<\/strong>Pieter Wie\u00ebrs<br \/>\nSt. Pietersstraat 1 \u2013 B\u00a02000 Antwerpen<br \/>\n+32 (0)3 213 99 68<br \/>\n<a href=\"mailto:p.wieers@dekathedraal.be\"><strong>p.wieers@dekathedraal.be<\/strong><\/a><\/p>\n\t\t\t\t\t\t\t\t<\/div>\n\t\t\t\t<\/div>\n\t\t\t\t\t<\/div>\n\t\t<\/div>\n\t\t\t\t<div class=\"elementor-column elementor-col-33 elementor-top-column elementor-element elementor-element-b40b269\" data-id=\"b40b269\" data-element_type=\"column\" data-e-type=\"column\">\n\t\t\t<div class=\"elementor-widget-wrap elementor-element-populated\">\n\t\t\t\t\t\t<div class=\"elementor-element elementor-element-00e793e elementor-widget elementor-widget-text-editor\" data-id=\"00e793e\" data-element_type=\"widget\" data-e-type=\"widget\" data-widget_type=\"text-editor.default\">\n\t\t\t\t<div class=\"elementor-widget-container\">\n\t\t\t\t\t\t\t\t\t<h4 class=\"widgettitle\">Pour d\u00e9couvrir plus:<\/h4>\n\t\t\t\t\t\t\t\t<\/div>\n\t\t\t\t<\/div>\n\t\t\t\t<div class=\"elementor-element elementor-element-986e4ff elementor-nav-menu--dropdown-tablet elementor-nav-menu__text-align-aside elementor-nav-menu--toggle elementor-nav-menu--burger elementor-widget elementor-widget-nav-menu\" data-id=\"986e4ff\" data-element_type=\"widget\" data-e-type=\"widget\" data-settings=\"{&quot;layout&quot;:&quot;vertical&quot;,&quot;submenu_icon&quot;:{&quot;value&quot;:&quot;&lt;i class=\\&quot;fas fa-caret-down\\&quot; aria-hidden=\\&quot;true\\&quot;&gt;&lt;\\\/i&gt;&quot;,&quot;library&quot;:&quot;fa-solid&quot;},&quot;toggle&quot;:&quot;burger&quot;}\" data-widget_type=\"nav-menu.default\">\n\t\t\t\t<div class=\"elementor-widget-container\">\n\t\t\t\t\t\t\t\t<nav aria-label=\"Menu\" class=\"elementor-nav-menu--main elementor-nav-menu__container elementor-nav-menu--layout-vertical e--pointer-framed e--animation-fade\">\n\t\t\t\t<ul id=\"menu-1-986e4ff\" class=\"elementor-nav-menu sm-vertical\"><li class=\"menu-item menu-item-type-post_type menu-item-object-page menu-item-65006\"><a href=\"https:\/\/topa.be\/fr\/olv-kathedraal\/praktisch\/\" class=\"elementor-item\">OLV Informations pratiques<\/a><\/li>\n<li class=\"menu-item menu-item-type-post_type menu-item-object-page menu-item-59915\"><a href=\"https:\/\/topa.be\/fr\/olv-kathedraal\/rondleidingen\/\" class=\"elementor-item\">Visites guid\u00e9es (calendrier)<\/a><\/li>\n<li class=\"menu-item menu-item-type-post_type menu-item-object-page menu-item-59938\"><a href=\"https:\/\/topa.be\/fr\/olv-kathedraal\/kennismaking\/\" class=\"elementor-item\">La cath\u00e9drale en bref<\/a><\/li>\n<li class=\"menu-item menu-item-type-post_type menu-item-object-page menu-item-59939\"><a href=\"https:\/\/topa.be\/fr\/olv-kathedraal\/interactief-grondplan\/\" class=\"elementor-item\">Plan interactif<\/a><\/li>\n<li class=\"menu-item menu-item-type-post_type menu-item-object-page menu-item-59940\"><a href=\"https:\/\/topa.be\/fr\/olv-kathedraal\/beschrijving\/\" class=\"elementor-item\">Histoire &#038; Description<\/a><\/li>\n<li class=\"menu-item menu-item-type-post_type menu-item-object-page menu-item-59941\"><a href=\"https:\/\/topa.be\/fr\/olv-kathedraal\/publicaties\/\" class=\"elementor-item\">Publications<\/a><\/li>\n<\/ul>\t\t\t<\/nav>\n\t\t\t\t\t<div class=\"elementor-menu-toggle\" role=\"button\" tabindex=\"0\" aria-label=\"Permuter le menu\" aria-expanded=\"false\">\n\t\t\t<i aria-hidden=\"true\" role=\"presentation\" class=\"elementor-menu-toggle__icon--open eicon-menu-bar\"><\/i><i aria-hidden=\"true\" role=\"presentation\" class=\"elementor-menu-toggle__icon--close eicon-close\"><\/i>\t\t<\/div>\n\t\t\t\t\t<nav class=\"elementor-nav-menu--dropdown elementor-nav-menu__container\" aria-hidden=\"true\">\n\t\t\t\t<ul id=\"menu-2-986e4ff\" class=\"elementor-nav-menu sm-vertical\"><li class=\"menu-item menu-item-type-post_type menu-item-object-page menu-item-65006\"><a href=\"https:\/\/topa.be\/fr\/olv-kathedraal\/praktisch\/\" class=\"elementor-item\" tabindex=\"-1\">OLV Informations pratiques<\/a><\/li>\n<li class=\"menu-item menu-item-type-post_type menu-item-object-page menu-item-59915\"><a href=\"https:\/\/topa.be\/fr\/olv-kathedraal\/rondleidingen\/\" class=\"elementor-item\" tabindex=\"-1\">Visites guid\u00e9es (calendrier)<\/a><\/li>\n<li class=\"menu-item menu-item-type-post_type menu-item-object-page menu-item-59938\"><a href=\"https:\/\/topa.be\/fr\/olv-kathedraal\/kennismaking\/\" class=\"elementor-item\" tabindex=\"-1\">La cath\u00e9drale en bref<\/a><\/li>\n<li class=\"menu-item menu-item-type-post_type menu-item-object-page menu-item-59939\"><a href=\"https:\/\/topa.be\/fr\/olv-kathedraal\/interactief-grondplan\/\" class=\"elementor-item\" tabindex=\"-1\">Plan interactif<\/a><\/li>\n<li class=\"menu-item menu-item-type-post_type menu-item-object-page menu-item-59940\"><a href=\"https:\/\/topa.be\/fr\/olv-kathedraal\/beschrijving\/\" class=\"elementor-item\" tabindex=\"-1\">Histoire &#038; Description<\/a><\/li>\n<li class=\"menu-item menu-item-type-post_type menu-item-object-page menu-item-59941\"><a href=\"https:\/\/topa.be\/fr\/olv-kathedraal\/publicaties\/\" class=\"elementor-item\" tabindex=\"-1\">Publications<\/a><\/li>\n<\/ul>\t\t\t<\/nav>\n\t\t\t\t\t\t<\/div>\n\t\t\t\t<\/div>\n\t\t\t\t\t<\/div>\n\t\t<\/div>\n\t\t\t\t\t<\/div>\n\t\t<\/section>\n\t\t\t\t<section class=\"elementor-section elementor-top-section elementor-element elementor-element-51af4931 elementor-section-boxed elementor-section-height-default elementor-section-height-default\" data-id=\"51af4931\" data-element_type=\"section\" data-e-type=\"section\">\n\t\t\t\t\t\t<div class=\"elementor-container elementor-column-gap-default\">\n\t\t\t\t\t<div class=\"elementor-column elementor-col-100 elementor-top-column elementor-element elementor-element-248e4993\" data-id=\"248e4993\" data-element_type=\"column\" data-e-type=\"column\">\n\t\t\t<div class=\"elementor-widget-wrap elementor-element-populated\">\n\t\t\t\t\t\t<div class=\"elementor-element elementor-element-11242e78 elementor-widget elementor-widget-google_maps\" data-id=\"11242e78\" data-element_type=\"widget\" data-e-type=\"widget\" data-widget_type=\"google_maps.default\">\n\t\t\t\t<div class=\"elementor-widget-container\">\n\t\t\t\t\t\t\t<div class=\"elementor-custom-embed\">\n\t\t\t<iframe loading=\"lazy\"\n\t\t\t\t\tsrc=\"https:\/\/maps.google.com\/maps?q=kathedraal%20antwerpen&#038;t=m&#038;z=17&#038;output=embed&#038;iwloc=near\"\n\t\t\t\t\ttitle=\"kathedraal antwerpen\"\n\t\t\t\t\taria-label=\"kathedraal antwerpen\"\n\t\t\t><\/iframe>\n\t\t<\/div>\n\t\t\t\t\t\t<\/div>\n\t\t\t\t<\/div>\n\t\t\t\t<div class=\"elementor-element elementor-element-5e5cdab3 elementor-widget elementor-widget-text-editor\" data-id=\"5e5cdab3\" data-element_type=\"widget\" data-e-type=\"widget\" data-widget_type=\"text-editor.default\">\n\t\t\t\t<div class=\"elementor-widget-container\">\n\t\t\t\t\t\t\t\t\t<p style=\"text-align: justify;\" data-mce-style=\"text-align: justify;\">Sur <strong><a href=\"https:\/\/goo.gl\/maps\/VJf5NapzvVCHg5QE6\" data-mce-href=\"https:\/\/goo.gl\/maps\/VJf5NapzvVCHg5QE6\">CETTE CARTE<\/a><\/strong>&nbsp;vous pouvez d\u00e9terminer un itin\u00e9raire en fonction de votre moyen de transport.<br \/>Essayez aussi VELO-Antwerpen&nbsp;: <strong><a href=\"https:\/\/www.velo-antwerpen.be\/fr\" data-mce-href=\"https:\/\/www.velo-antwerpen.be\/fr\">https:\/\/www.velo-antwerpen.be\/fr<\/a><\/strong><\/p>\n\t\t\t\t\t\t\t\t<\/div>\n\t\t\t\t<\/div>\n\t\t\t\t\t<\/div>\n\t\t<\/div>\n\t\t\t\t\t<\/div>\n\t\t<\/section>\n\t\t\t\t<\/div>\n\t\t","protected":false},"excerpt":{"rendered":"<p>Cath\u00e9drale Notre-Dame Informations pratiques Eucharisties Lundi \u2013 vendredi: 16h00 Samedi: 16u00, 17u30 (orgue \u2013 en Anglais) Dimanche et jours f\u00e9ri\u00e9s: 9h00, 10h00 (choeur et orgue) Dimanche: 17h00 v\u00eapres dans le choeur Offices pontificaux:\u00a0lors des jours f\u00e9ri\u00e9s l\u2019\u00e9v\u00eaque d\u2019Anvers pr\u00e9side la messe solanelle \u00e0 10h00, en conc\u00e9l\u00e9bration avec les chanoines du chapitre. Heures de visite Lundi [&hellip;]<\/p>\n","protected":false},"author":16,"featured_media":0,"parent":37474,"menu_order":10,"comment_status":"closed","ping_status":"closed","template":"","meta":{"footnotes":""},"class_list":["post-37468","page","type-page","status-publish","hentry"],"aioseo_notices":[],"_links":{"self":[{"href":"https:\/\/topa.be\/fr\/wp-json\/wp\/v2\/pages\/37468","targetHints":{"allow":["GET"]}}],"collection":[{"href":"https:\/\/topa.be\/fr\/wp-json\/wp\/v2\/pages"}],"about":[{"href":"https:\/\/topa.be\/fr\/wp-json\/wp\/v2\/types\/page"}],"author":[{"embeddable":true,"href":"https:\/\/topa.be\/fr\/wp-json\/wp\/v2\/users\/16"}],"replies":[{"embeddable":true,"href":"https:\/\/topa.be\/fr\/wp-json\/wp\/v2\/comments?post=37468"}],"version-history":[{"count":3,"href":"https:\/\/topa.be\/fr\/wp-json\/wp\/v2\/pages\/37468\/revisions"}],"predecessor-version":[{"id":68983,"href":"https:\/\/topa.be\/fr\/wp-json\/wp\/v2\/pages\/37468\/revisions\/68983"}],"up":[{"embeddable":true,"href":"https:\/\/topa.be\/fr\/wp-json\/wp\/v2\/pages\/37474"}],"wp:attachment":[{"href":"https:\/\/topa.be\/fr\/wp-json\/wp\/v2\/media?parent=37468"}],"curies":[{"name":"wp","href":"https:\/\/api.w.org\/{rel}","templated":true}]}}