{"id":38612,"date":"2021-06-01T17:10:47","date_gmt":"2021-06-01T15:10:47","guid":{"rendered":"http:\/\/topa.be\/st-andries\/qr-codes\/qr19\/"},"modified":"2021-08-06T19:44:09","modified_gmt":"2021-08-06T17:44:09","slug":"qr19","status":"publish","type":"page","link":"https:\/\/topa.be\/es\/st-andries\/qr-codes\/qr19\/","title":{"rendered":"SAK QR19 \u2013 \u00bfQu\u00e9 es la verdad?"},"content":{"rendered":"\t\t<div data-elementor-type=\"wp-page\" data-elementor-id=\"38612\" class=\"elementor elementor-38612 elementor-33684\" data-elementor-post-type=\"page\">\n\t\t\t\t\t\t<section class=\"elementor-section elementor-top-section elementor-element elementor-element-d4b446f elementor-section-boxed elementor-section-height-default elementor-section-height-default\" data-id=\"d4b446f\" data-element_type=\"section\" data-e-type=\"section\">\n\t\t\t\t\t\t<div class=\"elementor-container elementor-column-gap-default\">\n\t\t\t\t\t<div class=\"elementor-column elementor-col-66 elementor-top-column elementor-element elementor-element-199a4fe\" data-id=\"199a4fe\" data-element_type=\"column\" data-e-type=\"column\">\n\t\t\t<div class=\"elementor-widget-wrap elementor-element-populated\">\n\t\t\t\t\t\t<div class=\"elementor-element elementor-element-36a2b59 elementor-widget elementor-widget-heading\" data-id=\"36a2b59\" data-element_type=\"widget\" data-e-type=\"widget\" data-widget_type=\"heading.default\">\n\t\t\t\t<div class=\"elementor-widget-container\">\n\t\t\t\t\t<h2 class=\"elementor-heading-title elementor-size-default\">Iglesia de San Andr\u00e9s, Amberes<\/h2>\t\t\t\t<\/div>\n\t\t\t\t<\/div>\n\t\t\t\t<div class=\"elementor-element elementor-element-472d341 elementor-widget elementor-widget-heading\" data-id=\"472d341\" data-element_type=\"widget\" data-e-type=\"widget\" data-widget_type=\"heading.default\">\n\t\t\t\t<div class=\"elementor-widget-container\">\n\t\t\t\t\t<h2 class=\"elementor-heading-title elementor-size-default\">\u00bfQu\u00e9 es la verdad?<\/h2>\t\t\t\t<\/div>\n\t\t\t\t<\/div>\n\t\t\t\t<div class=\"elementor-element elementor-element-723d8e0 elementor-widget elementor-widget-text-editor\" data-id=\"723d8e0\" data-element_type=\"widget\" data-e-type=\"widget\" data-widget_type=\"text-editor.default\">\n\t\t\t\t<div class=\"elementor-widget-container\">\n\t\t\t\t\t\t\t\t\t<p style=\"text-align: justify;\">Alain Senez, 2012<\/p>\n<p style=\"text-align: justify;\">Esa obra de arte es pareja del altar de los Acu\u00f1adores de Moneda en el transepto norte. Mientras \u00e9sta acent\u00faa el poder del dinero, aqu\u00ed se trata m\u00e1s bien del fen\u00f3meno de los medios de comunicaci\u00f3n. Hemos aqu\u00ed los dos poderes determinantes que dirigen nuestra sociedad actual.<\/p>\n<p style=\"text-align: justify;\">Tras una estancia solitaria de m\u00e1s de 40 a\u00f1os en los s\u00f3tanos, la estatua de San Francisco de Sales ocupa hoy d\u00eda un nuevo lugar en la iglesia por ser \u00e9l el patrono de los periodistas. Esta mudanza impuls\u00f3 la creaci\u00f3n de una obra contempor\u00e1nea por el artista franc\u00e9s Alain Senez, famoso por su don magistral de reproducir la luz.<\/p>\n<p style=\"text-align: justify;\">Cada d\u00eda nos inunda un maremoto de informaci\u00f3n desde innumerables fuentes. Surge la pregunta clave \u2018\u00bfQu\u00e9 es la verdad?\u2019, la mism\u00edsima pregunta que formul\u00f3 Poncio Pilatos a la hora de sentenciar a Jes\u00fas (\u2018Quid est veritas?\u2019;John 18:38). Cuanto m\u00e1s informaci\u00f3n, m\u00e1s pertinente resulta la pregunta de Pilatos. Exhibiendo un ejemplar de la \u2018Corriere de la Sera\u2019, el artista pone en claro que no s\u00f3lo el monopolio es una posible fuente de manipulaci\u00f3n; la imagen de la\u2018Pravda\u2019, el peri\u00f3dico de la antigua Uni\u00f3n Sovi\u00e9tica, insin\u00faa que el gobierno mismo tambi\u00e9n puede jugar el mismo papel.<\/p>\n<p style=\"text-align: justify;\">Y aqu\u00ed surge Plato con su par\u00e1bola de la cueva: mientras permanezcamos en este mundo f\u00edsico, somos limitados por nuestra posici\u00f3n en tiempo y espacio, sobre todo en cuanto se trata de sabidur\u00eda.<\/p>\n<p style=\"text-align: justify;\">Ser\u00e1 finalmente en el m\u00e1s all\u00e1 \u2013el eterno mundo de ideales- donde podremos librarnos de toda restricci\u00f3n posicional, lo que nos permitir\u00e1 captar la entera verdad. \u00bfTenemos que contestar a la pregunta de Pilatos que no existe algo que sea la verdad? \u00a1En absoluto!: la pregunta por la verdad debe seguir fascinando; es una invitaci\u00f3n para irnos de exploraci\u00f3n sin parar, con la meta de acercarnos lo m\u00e1s que podamos a la verdad y captarla de alg\u00fan modo.<\/p>\n<p style=\"text-align: justify;\">La figura clave es San Francisco de Sales que est\u00e1 retratado tres veces : en nuestro mundo mediante un retrato barroco idealista en la pared, al fondo caminando como santo celestial en el m\u00e1s all\u00e1, y proyectado como tal en una pantalla, pero como una figura descordante, otra vez alejado de la verdad.<\/p>\n<p style=\"text-align: justify;\">La pregunta sobre la verdad no s\u00f3lo es importante para Hercules Poirot o para fil\u00f3sofos de rec\u00e1mara, sino que tambi\u00e9n llama a la puerta de la vida de Ud. \u00bfInterpreta de esa manera la c\u00e1mara en el rinc\u00f3n arriba a la derecha?<\/p>\n\t\t\t\t\t\t\t\t<\/div>\n\t\t\t\t<\/div>\n\t\t\t\t\t<\/div>\n\t\t<\/div>\n\t\t\t\t<div class=\"elementor-column elementor-col-33 elementor-top-column elementor-element elementor-element-864ca89\" data-id=\"864ca89\" data-element_type=\"column\" data-e-type=\"column\">\n\t\t\t<div class=\"elementor-widget-wrap elementor-element-populated\">\n\t\t\t\t\t\t<div class=\"elementor-element elementor-element-7acc63c elementor-nav-menu--dropdown-tablet elementor-nav-menu__text-align-aside elementor-nav-menu--toggle elementor-nav-menu--burger elementor-widget elementor-widget-nav-menu\" data-id=\"7acc63c\" data-element_type=\"widget\" data-e-type=\"widget\" data-settings=\"{&quot;layout&quot;:&quot;vertical&quot;,&quot;submenu_icon&quot;:{&quot;value&quot;:&quot;&lt;i class=\\&quot;fas fa-caret-down\\&quot; aria-hidden=\\&quot;true\\&quot;&gt;&lt;\\\/i&gt;&quot;,&quot;library&quot;:&quot;fa-solid&quot;},&quot;toggle&quot;:&quot;burger&quot;}\" data-widget_type=\"nav-menu.default\">\n\t\t\t\t<div class=\"elementor-widget-container\">\n\t\t\t\t\t\t\t\t<nav aria-label=\"Men\u00fa\" class=\"elementor-nav-menu--main elementor-nav-menu__container elementor-nav-menu--layout-vertical e--pointer-framed e--animation-fade\">\n\t\t\t\t<ul id=\"menu-1-7acc63c\" class=\"elementor-nav-menu sm-vertical\"><li class=\"menu-item menu-item-type-post_type menu-item-object-page menu-item-60170\"><a href=\"https:\/\/topa.be\/es\/st-andries\/qr-codes\/qr01\/\" class=\"elementor-item\">QR01 \u2013 Iglesia de San Andr\u00e9s \u2013 Introducci\u00f3n<\/a><\/li>\n<li class=\"menu-item menu-item-type-post_type menu-item-object-page menu-item-60191\"><a href=\"https:\/\/topa.be\/es\/st-andries\/qr-codes\/qr02\/\" class=\"elementor-item\">QR02 \u2013 La historia<\/a><\/li>\n<li class=\"menu-item menu-item-type-post_type menu-item-object-page menu-item-60192\"><a href=\"https:\/\/topa.be\/es\/st-andries\/qr-codes\/qr03\/\" class=\"elementor-item\">QR03 \u2013 La torre<\/a><\/li>\n<li class=\"menu-item menu-item-type-post_type menu-item-object-page menu-item-60193\"><a href=\"https:\/\/topa.be\/es\/st-andries\/qr-codes\/qr04\/\" class=\"elementor-item\">QR04 \u2013 L\u2019interior<\/a><\/li>\n<li class=\"menu-item menu-item-type-post_type menu-item-object-page menu-item-60194\"><a href=\"https:\/\/topa.be\/es\/st-andries\/qr-codes\/qr05\/\" class=\"elementor-item\">QR05 \u2013 El p\u00falpito<\/a><\/li>\n<li class=\"menu-item menu-item-type-post_type menu-item-object-page menu-item-60195\"><a href=\"https:\/\/topa.be\/es\/st-andries\/qr-codes\/qr06\/\" class=\"elementor-item\">QR06 \u2013 Altares laterales<\/a><\/li>\n<li class=\"menu-item menu-item-type-post_type menu-item-object-page menu-item-60196\"><a href=\"https:\/\/topa.be\/es\/st-andries\/qr-codes\/qr07\/\" class=\"elementor-item\">QR07 \u2013 El Camino de la Vida<\/a><\/li>\n<li class=\"menu-item menu-item-type-post_type menu-item-object-page menu-item-60197\"><a href=\"https:\/\/topa.be\/es\/st-andries\/qr-codes\/qr08\/\" class=\"elementor-item\">QR08 \u2013 Monumento a los agustinos<\/a><\/li>\n<li class=\"menu-item menu-item-type-post_type menu-item-object-page menu-item-60198\"><a href=\"https:\/\/topa.be\/es\/st-andries\/qr-codes\/qr09\/\" class=\"elementor-item\">QR09 \u2013 El altar de San Eligio de los acu\u00f1adores de la moneda<\/a><\/li>\n<li class=\"menu-item menu-item-type-post_type menu-item-object-page menu-item-60199\"><a href=\"https:\/\/topa.be\/es\/st-andries\/qr-codes\/qr10\/\" class=\"elementor-item\">QR10 \u2013 El tesoro<\/a><\/li>\n<li class=\"menu-item menu-item-type-post_type menu-item-object-page menu-item-60200\"><a href=\"https:\/\/topa.be\/es\/st-andries\/qr-codes\/qr11\/\" class=\"elementor-item\">QR11 \u2013 La capilla de Nuestra Se\u00f1ora<\/a><\/li>\n<li class=\"menu-item menu-item-type-post_type menu-item-object-page menu-item-60239\"><a href=\"https:\/\/topa.be\/es\/st-andries\/qr-codes\/qr12\/\" class=\"elementor-item\">QR12 \u2013 La Hermandad de las Almas Fieles<\/a><\/li>\n<li class=\"menu-item menu-item-type-post_type menu-item-object-page menu-item-60240\"><a href=\"https:\/\/topa.be\/es\/st-andries\/qr-codes\/qr13\/\" class=\"elementor-item\">QR13 \u2013 La estatua de San Pedro<\/a><\/li>\n<li class=\"menu-item menu-item-type-post_type menu-item-object-page menu-item-60241\"><a href=\"https:\/\/topa.be\/es\/st-andries\/qr-codes\/qr14\/\" class=\"elementor-item\">QR14 \u2013 El altar mayor<\/a><\/li>\n<li class=\"menu-item menu-item-type-post_type menu-item-object-page menu-item-60242\"><a href=\"https:\/\/topa.be\/es\/st-andries\/qr-codes\/qr15\/\" class=\"elementor-item\">QR15 \u2013 El martirio de San Andr\u00e9s<\/a><\/li>\n<li class=\"menu-item menu-item-type-post_type menu-item-object-page menu-item-60243\"><a href=\"https:\/\/topa.be\/es\/st-andries\/qr-codes\/qr16\/\" class=\"elementor-item\">QR16 \u2013 El coro<\/a><\/li>\n<li class=\"menu-item menu-item-type-post_type menu-item-object-page menu-item-60244\"><a href=\"https:\/\/topa.be\/es\/st-andries\/qr-codes\/qr17\/\" class=\"elementor-item\">QR17 \u2013 La Capilla del Santisimo Sacramento<\/a><\/li>\n<li class=\"menu-item menu-item-type-post_type menu-item-object-page menu-item-60245\"><a href=\"https:\/\/topa.be\/es\/st-andries\/qr-codes\/qr18\/\" class=\"elementor-item\">QR18 \u2013 El monumento a las cortesanas de Mar\u00eda Estuardo<\/a><\/li>\n<li class=\"menu-item menu-item-type-post_type menu-item-object-page menu-item-60246\"><a href=\"https:\/\/topa.be\/es\/st-andries\/qr-codes\/qr19\/\" class=\"elementor-item\">QR19 \u2013 \u00bfQu\u00e9 es la verdad?<\/a><\/li>\n<li class=\"menu-item menu-item-type-post_type menu-item-object-page menu-item-60247\"><a href=\"https:\/\/topa.be\/es\/st-andries\/qr-codes\/qr20\/\" class=\"elementor-item\">QR20 \u2013 Saco de boxeo<\/a><\/li>\n<\/ul>\t\t\t<\/nav>\n\t\t\t\t\t<div class=\"elementor-menu-toggle\" role=\"button\" tabindex=\"0\" aria-label=\"Alternar men\u00fa\" aria-expanded=\"false\">\n\t\t\t<i aria-hidden=\"true\" role=\"presentation\" class=\"elementor-menu-toggle__icon--open eicon-menu-bar\"><\/i><i aria-hidden=\"true\" role=\"presentation\" class=\"elementor-menu-toggle__icon--close eicon-close\"><\/i>\t\t<\/div>\n\t\t\t\t\t<nav class=\"elementor-nav-menu--dropdown elementor-nav-menu__container\" aria-hidden=\"true\">\n\t\t\t\t<ul id=\"menu-2-7acc63c\" class=\"elementor-nav-menu sm-vertical\"><li class=\"menu-item menu-item-type-post_type menu-item-object-page menu-item-60170\"><a href=\"https:\/\/topa.be\/es\/st-andries\/qr-codes\/qr01\/\" class=\"elementor-item\" tabindex=\"-1\">QR01 \u2013 Iglesia de San Andr\u00e9s \u2013 Introducci\u00f3n<\/a><\/li>\n<li class=\"menu-item menu-item-type-post_type menu-item-object-page menu-item-60191\"><a href=\"https:\/\/topa.be\/es\/st-andries\/qr-codes\/qr02\/\" class=\"elementor-item\" tabindex=\"-1\">QR02 \u2013 La historia<\/a><\/li>\n<li class=\"menu-item menu-item-type-post_type menu-item-object-page menu-item-60192\"><a href=\"https:\/\/topa.be\/es\/st-andries\/qr-codes\/qr03\/\" class=\"elementor-item\" tabindex=\"-1\">QR03 \u2013 La torre<\/a><\/li>\n<li class=\"menu-item menu-item-type-post_type menu-item-object-page menu-item-60193\"><a href=\"https:\/\/topa.be\/es\/st-andries\/qr-codes\/qr04\/\" class=\"elementor-item\" tabindex=\"-1\">QR04 \u2013 L\u2019interior<\/a><\/li>\n<li class=\"menu-item menu-item-type-post_type menu-item-object-page menu-item-60194\"><a href=\"https:\/\/topa.be\/es\/st-andries\/qr-codes\/qr05\/\" class=\"elementor-item\" tabindex=\"-1\">QR05 \u2013 El p\u00falpito<\/a><\/li>\n<li class=\"menu-item menu-item-type-post_type menu-item-object-page menu-item-60195\"><a href=\"https:\/\/topa.be\/es\/st-andries\/qr-codes\/qr06\/\" class=\"elementor-item\" tabindex=\"-1\">QR06 \u2013 Altares laterales<\/a><\/li>\n<li class=\"menu-item menu-item-type-post_type menu-item-object-page menu-item-60196\"><a href=\"https:\/\/topa.be\/es\/st-andries\/qr-codes\/qr07\/\" class=\"elementor-item\" tabindex=\"-1\">QR07 \u2013 El Camino de la Vida<\/a><\/li>\n<li class=\"menu-item menu-item-type-post_type menu-item-object-page menu-item-60197\"><a href=\"https:\/\/topa.be\/es\/st-andries\/qr-codes\/qr08\/\" class=\"elementor-item\" tabindex=\"-1\">QR08 \u2013 Monumento a los agustinos<\/a><\/li>\n<li class=\"menu-item menu-item-type-post_type menu-item-object-page menu-item-60198\"><a href=\"https:\/\/topa.be\/es\/st-andries\/qr-codes\/qr09\/\" class=\"elementor-item\" tabindex=\"-1\">QR09 \u2013 El altar de San Eligio de los acu\u00f1adores de la moneda<\/a><\/li>\n<li class=\"menu-item menu-item-type-post_type menu-item-object-page menu-item-60199\"><a href=\"https:\/\/topa.be\/es\/st-andries\/qr-codes\/qr10\/\" class=\"elementor-item\" tabindex=\"-1\">QR10 \u2013 El tesoro<\/a><\/li>\n<li class=\"menu-item menu-item-type-post_type menu-item-object-page menu-item-60200\"><a href=\"https:\/\/topa.be\/es\/st-andries\/qr-codes\/qr11\/\" class=\"elementor-item\" tabindex=\"-1\">QR11 \u2013 La capilla de Nuestra Se\u00f1ora<\/a><\/li>\n<li class=\"menu-item menu-item-type-post_type menu-item-object-page menu-item-60239\"><a href=\"https:\/\/topa.be\/es\/st-andries\/qr-codes\/qr12\/\" class=\"elementor-item\" tabindex=\"-1\">QR12 \u2013 La Hermandad de las Almas Fieles<\/a><\/li>\n<li class=\"menu-item menu-item-type-post_type menu-item-object-page menu-item-60240\"><a href=\"https:\/\/topa.be\/es\/st-andries\/qr-codes\/qr13\/\" class=\"elementor-item\" tabindex=\"-1\">QR13 \u2013 La estatua de San Pedro<\/a><\/li>\n<li class=\"menu-item menu-item-type-post_type menu-item-object-page menu-item-60241\"><a href=\"https:\/\/topa.be\/es\/st-andries\/qr-codes\/qr14\/\" class=\"elementor-item\" tabindex=\"-1\">QR14 \u2013 El altar mayor<\/a><\/li>\n<li class=\"menu-item menu-item-type-post_type menu-item-object-page menu-item-60242\"><a href=\"https:\/\/topa.be\/es\/st-andries\/qr-codes\/qr15\/\" class=\"elementor-item\" tabindex=\"-1\">QR15 \u2013 El martirio de San Andr\u00e9s<\/a><\/li>\n<li class=\"menu-item menu-item-type-post_type menu-item-object-page menu-item-60243\"><a href=\"https:\/\/topa.be\/es\/st-andries\/qr-codes\/qr16\/\" class=\"elementor-item\" tabindex=\"-1\">QR16 \u2013 El coro<\/a><\/li>\n<li class=\"menu-item menu-item-type-post_type menu-item-object-page menu-item-60244\"><a href=\"https:\/\/topa.be\/es\/st-andries\/qr-codes\/qr17\/\" class=\"elementor-item\" tabindex=\"-1\">QR17 \u2013 La Capilla del Santisimo Sacramento<\/a><\/li>\n<li class=\"menu-item menu-item-type-post_type menu-item-object-page menu-item-60245\"><a href=\"https:\/\/topa.be\/es\/st-andries\/qr-codes\/qr18\/\" class=\"elementor-item\" tabindex=\"-1\">QR18 \u2013 El monumento a las cortesanas de Mar\u00eda Estuardo<\/a><\/li>\n<li class=\"menu-item menu-item-type-post_type menu-item-object-page menu-item-60246\"><a href=\"https:\/\/topa.be\/es\/st-andries\/qr-codes\/qr19\/\" class=\"elementor-item\" tabindex=\"-1\">QR19 \u2013 \u00bfQu\u00e9 es la verdad?<\/a><\/li>\n<li class=\"menu-item menu-item-type-post_type menu-item-object-page menu-item-60247\"><a href=\"https:\/\/topa.be\/es\/st-andries\/qr-codes\/qr20\/\" class=\"elementor-item\" tabindex=\"-1\">QR20 \u2013 Saco de boxeo<\/a><\/li>\n<\/ul>\t\t\t<\/nav>\n\t\t\t\t\t\t<\/div>\n\t\t\t\t<\/div>\n\t\t\t\t\t<\/div>\n\t\t<\/div>\n\t\t\t\t\t<\/div>\n\t\t<\/section>\n\t\t\t\t<\/div>\n\t\t","protected":false},"excerpt":{"rendered":"<p>Iglesia de San Andr\u00e9s, Amberes \u00bfQu\u00e9 es la verdad? Alain Senez, 2012 Esa obra de arte es pareja del altar de los Acu\u00f1adores de Moneda en el transepto norte. Mientras \u00e9sta acent\u00faa el poder del dinero, aqu\u00ed se trata m\u00e1s bien del fen\u00f3meno de los medios de comunicaci\u00f3n. Hemos aqu\u00ed los dos poderes determinantes que [&hellip;]<\/p>\n","protected":false},"author":16,"featured_media":0,"parent":38207,"menu_order":190,"comment_status":"closed","ping_status":"closed","template":"","meta":{"footnotes":""},"class_list":["post-38612","page","type-page","status-publish","hentry"],"aioseo_notices":[],"_links":{"self":[{"href":"https:\/\/topa.be\/es\/wp-json\/wp\/v2\/pages\/38612","targetHints":{"allow":["GET"]}}],"collection":[{"href":"https:\/\/topa.be\/es\/wp-json\/wp\/v2\/pages"}],"about":[{"href":"https:\/\/topa.be\/es\/wp-json\/wp\/v2\/types\/page"}],"author":[{"embeddable":true,"href":"https:\/\/topa.be\/es\/wp-json\/wp\/v2\/users\/16"}],"replies":[{"embeddable":true,"href":"https:\/\/topa.be\/es\/wp-json\/wp\/v2\/comments?post=38612"}],"version-history":[{"count":3,"href":"https:\/\/topa.be\/es\/wp-json\/wp\/v2\/pages\/38612\/revisions"}],"predecessor-version":[{"id":46093,"href":"https:\/\/topa.be\/es\/wp-json\/wp\/v2\/pages\/38612\/revisions\/46093"}],"up":[{"embeddable":true,"href":"https:\/\/topa.be\/es\/wp-json\/wp\/v2\/pages\/38207"}],"wp:attachment":[{"href":"https:\/\/topa.be\/es\/wp-json\/wp\/v2\/media?parent=38612"}],"curies":[{"name":"wp","href":"https:\/\/api.w.org\/{rel}","templated":true}]}}