{"id":38526,"date":"2021-06-01T15:57:36","date_gmt":"2021-06-01T13:57:36","guid":{"rendered":"http:\/\/topa.be\/st-andries\/qr-codes\/sak-qr03-de-toren\/"},"modified":"2021-08-07T12:53:28","modified_gmt":"2021-08-07T10:53:28","slug":"qr03","status":"publish","type":"page","link":"https:\/\/topa.be\/es\/st-andries\/qr-codes\/qr03\/","title":{"rendered":"SAK QR03 \u2013 La torre"},"content":{"rendered":"\t\t<div data-elementor-type=\"wp-page\" data-elementor-id=\"38526\" class=\"elementor elementor-38526 elementor-33652\" data-elementor-post-type=\"page\">\n\t\t\t\t\t\t<section class=\"elementor-section elementor-top-section elementor-element elementor-element-443d907 elementor-section-boxed elementor-section-height-default elementor-section-height-default\" data-id=\"443d907\" data-element_type=\"section\" data-e-type=\"section\">\n\t\t\t\t\t\t<div class=\"elementor-container elementor-column-gap-default\">\n\t\t\t\t\t<div class=\"elementor-column elementor-col-66 elementor-top-column elementor-element elementor-element-971cf1a\" data-id=\"971cf1a\" data-element_type=\"column\" data-e-type=\"column\">\n\t\t\t<div class=\"elementor-widget-wrap elementor-element-populated\">\n\t\t\t\t\t\t<div class=\"elementor-element elementor-element-9a087a9 elementor-widget elementor-widget-heading\" data-id=\"9a087a9\" data-element_type=\"widget\" data-e-type=\"widget\" data-widget_type=\"heading.default\">\n\t\t\t\t<div class=\"elementor-widget-container\">\n\t\t\t\t\t<h2 class=\"elementor-heading-title elementor-size-default\">Iglesia di SAN ANDR\u00c9S en Amberes<\/h2>\t\t\t\t<\/div>\n\t\t\t\t<\/div>\n\t\t\t\t<div class=\"elementor-element elementor-element-46cd7db elementor-widget elementor-widget-heading\" data-id=\"46cd7db\" data-element_type=\"widget\" data-e-type=\"widget\" data-widget_type=\"heading.default\">\n\t\t\t\t<div class=\"elementor-widget-container\">\n\t\t\t\t\t<h2 class=\"elementor-heading-title elementor-size-default\">La torre<\/h2>\t\t\t\t<\/div>\n\t\t\t\t<\/div>\n\t\t\t\t<div class=\"elementor-element elementor-element-2972e01 elementor-widget elementor-widget-text-editor\" data-id=\"2972e01\" data-element_type=\"widget\" data-e-type=\"widget\" data-widget_type=\"text-editor.default\">\n\t\t\t\t<div class=\"elementor-widget-container\">\n\t\t\t\t\t\t\t\t\t<p style=\"text-align: justify;\">En 1755 la torre g\u00f3tica se derrumb\u00f3, en su lugar se construy\u00f3 una torre barroca con una linterna abierta de madera. Su altura, 58 m, nos dirige hacia Dios, en quien el hombre encontrar\u00e1 su verdadera destinaci\u00f3n. Durante la lucha por la independencia de B\u00e9lgica, la torre fue utilizada como lugar de vigilancia por el Rey Leopoldo I, para controlar las fuerzas de ocupaci\u00f3n holandesas en el Castillo Sur. Para evitar que ocurriese de nuevo el suceso de 1755, la linterna fue reemplazada por otra m\u00e1s s\u00f3lida en 1968-\u201875.<\/p>\n\t\t\t\t\t\t\t\t<\/div>\n\t\t\t\t<\/div>\n\t\t\t\t<div class=\"elementor-element elementor-element-4a0b8fc elementor-widget elementor-widget-button\" data-id=\"4a0b8fc\" data-element_type=\"widget\" data-e-type=\"widget\" data-widget_type=\"button.default\">\n\t\t\t\t<div class=\"elementor-widget-container\">\n\t\t\t\t\t\t\t\t\t<div class=\"elementor-button-wrapper\">\n\t\t\t\t\t<a class=\"elementor-button elementor-button-link elementor-size-sm\" href=\"http:\/\/topa.be\/en\/st-andries\/beschrijving\/toren\/\">\n\t\t\t\t\t\t<span class=\"elementor-button-content-wrapper\">\n\t\t\t\t\t\t<span class=\"elementor-button-icon\">\n\t\t\t\t<i aria-hidden=\"true\" class=\"fas fa-book-reader\"><\/i>\t\t\t<\/span>\n\t\t\t\t\t\t\t\t\t<span class=\"elementor-button-text\">Read more?<\/span>\n\t\t\t\t\t<\/span>\n\t\t\t\t\t<\/a>\n\t\t\t\t<\/div>\n\t\t\t\t\t\t\t\t<\/div>\n\t\t\t\t<\/div>\n\t\t\t\t\t<\/div>\n\t\t<\/div>\n\t\t\t\t<div class=\"elementor-column elementor-col-33 elementor-top-column elementor-element elementor-element-3c3c45d\" data-id=\"3c3c45d\" data-element_type=\"column\" data-e-type=\"column\">\n\t\t\t<div class=\"elementor-widget-wrap elementor-element-populated\">\n\t\t\t\t\t\t<div class=\"elementor-element elementor-element-1bc8556 elementor-nav-menu--dropdown-tablet elementor-nav-menu__text-align-aside elementor-nav-menu--toggle elementor-nav-menu--burger elementor-widget elementor-widget-nav-menu\" data-id=\"1bc8556\" data-element_type=\"widget\" data-e-type=\"widget\" data-settings=\"{&quot;layout&quot;:&quot;vertical&quot;,&quot;submenu_icon&quot;:{&quot;value&quot;:&quot;&lt;i class=\\&quot;fas fa-caret-down\\&quot; aria-hidden=\\&quot;true\\&quot;&gt;&lt;\\\/i&gt;&quot;,&quot;library&quot;:&quot;fa-solid&quot;},&quot;toggle&quot;:&quot;burger&quot;}\" data-widget_type=\"nav-menu.default\">\n\t\t\t\t<div class=\"elementor-widget-container\">\n\t\t\t\t\t\t\t\t<nav aria-label=\"Men\u00fa\" class=\"elementor-nav-menu--main elementor-nav-menu__container elementor-nav-menu--layout-vertical e--pointer-framed e--animation-fade\">\n\t\t\t\t<ul id=\"menu-1-1bc8556\" class=\"elementor-nav-menu sm-vertical\"><li class=\"menu-item menu-item-type-post_type menu-item-object-page menu-item-60170\"><a href=\"https:\/\/topa.be\/es\/st-andries\/qr-codes\/qr01\/\" class=\"elementor-item\">QR01 \u2013 Iglesia de San Andr\u00e9s \u2013 Introducci\u00f3n<\/a><\/li>\n<li class=\"menu-item menu-item-type-post_type menu-item-object-page menu-item-60191\"><a href=\"https:\/\/topa.be\/es\/st-andries\/qr-codes\/qr02\/\" class=\"elementor-item\">QR02 \u2013 La historia<\/a><\/li>\n<li class=\"menu-item menu-item-type-post_type menu-item-object-page menu-item-60192\"><a href=\"https:\/\/topa.be\/es\/st-andries\/qr-codes\/qr03\/\" class=\"elementor-item\">QR03 \u2013 La torre<\/a><\/li>\n<li class=\"menu-item menu-item-type-post_type menu-item-object-page menu-item-60193\"><a href=\"https:\/\/topa.be\/es\/st-andries\/qr-codes\/qr04\/\" class=\"elementor-item\">QR04 \u2013 L\u2019interior<\/a><\/li>\n<li class=\"menu-item menu-item-type-post_type menu-item-object-page menu-item-60194\"><a href=\"https:\/\/topa.be\/es\/st-andries\/qr-codes\/qr05\/\" class=\"elementor-item\">QR05 \u2013 El p\u00falpito<\/a><\/li>\n<li class=\"menu-item menu-item-type-post_type menu-item-object-page menu-item-60195\"><a href=\"https:\/\/topa.be\/es\/st-andries\/qr-codes\/qr06\/\" class=\"elementor-item\">QR06 \u2013 Altares laterales<\/a><\/li>\n<li class=\"menu-item menu-item-type-post_type menu-item-object-page menu-item-60196\"><a href=\"https:\/\/topa.be\/es\/st-andries\/qr-codes\/qr07\/\" class=\"elementor-item\">QR07 \u2013 El Camino de la Vida<\/a><\/li>\n<li class=\"menu-item menu-item-type-post_type menu-item-object-page menu-item-60197\"><a href=\"https:\/\/topa.be\/es\/st-andries\/qr-codes\/qr08\/\" class=\"elementor-item\">QR08 \u2013 Monumento a los agustinos<\/a><\/li>\n<li class=\"menu-item menu-item-type-post_type menu-item-object-page menu-item-60198\"><a href=\"https:\/\/topa.be\/es\/st-andries\/qr-codes\/qr09\/\" class=\"elementor-item\">QR09 \u2013 El altar de San Eligio de los acu\u00f1adores de la moneda<\/a><\/li>\n<li class=\"menu-item menu-item-type-post_type menu-item-object-page menu-item-60199\"><a href=\"https:\/\/topa.be\/es\/st-andries\/qr-codes\/qr10\/\" class=\"elementor-item\">QR10 \u2013 El tesoro<\/a><\/li>\n<li class=\"menu-item menu-item-type-post_type menu-item-object-page menu-item-60200\"><a href=\"https:\/\/topa.be\/es\/st-andries\/qr-codes\/qr11\/\" class=\"elementor-item\">QR11 \u2013 La capilla de Nuestra Se\u00f1ora<\/a><\/li>\n<li class=\"menu-item menu-item-type-post_type menu-item-object-page menu-item-60239\"><a href=\"https:\/\/topa.be\/es\/st-andries\/qr-codes\/qr12\/\" class=\"elementor-item\">QR12 \u2013 La Hermandad de las Almas Fieles<\/a><\/li>\n<li class=\"menu-item menu-item-type-post_type menu-item-object-page menu-item-60240\"><a href=\"https:\/\/topa.be\/es\/st-andries\/qr-codes\/qr13\/\" class=\"elementor-item\">QR13 \u2013 La estatua de San Pedro<\/a><\/li>\n<li class=\"menu-item menu-item-type-post_type menu-item-object-page menu-item-60241\"><a href=\"https:\/\/topa.be\/es\/st-andries\/qr-codes\/qr14\/\" class=\"elementor-item\">QR14 \u2013 El altar mayor<\/a><\/li>\n<li class=\"menu-item menu-item-type-post_type menu-item-object-page menu-item-60242\"><a href=\"https:\/\/topa.be\/es\/st-andries\/qr-codes\/qr15\/\" class=\"elementor-item\">QR15 \u2013 El martirio de San Andr\u00e9s<\/a><\/li>\n<li class=\"menu-item menu-item-type-post_type menu-item-object-page menu-item-60243\"><a href=\"https:\/\/topa.be\/es\/st-andries\/qr-codes\/qr16\/\" class=\"elementor-item\">QR16 \u2013 El coro<\/a><\/li>\n<li class=\"menu-item menu-item-type-post_type menu-item-object-page menu-item-60244\"><a href=\"https:\/\/topa.be\/es\/st-andries\/qr-codes\/qr17\/\" class=\"elementor-item\">QR17 \u2013 La Capilla del Santisimo Sacramento<\/a><\/li>\n<li class=\"menu-item menu-item-type-post_type menu-item-object-page menu-item-60245\"><a href=\"https:\/\/topa.be\/es\/st-andries\/qr-codes\/qr18\/\" class=\"elementor-item\">QR18 \u2013 El monumento a las cortesanas de Mar\u00eda Estuardo<\/a><\/li>\n<li class=\"menu-item menu-item-type-post_type menu-item-object-page menu-item-60246\"><a href=\"https:\/\/topa.be\/es\/st-andries\/qr-codes\/qr19\/\" class=\"elementor-item\">QR19 \u2013 \u00bfQu\u00e9 es la verdad?<\/a><\/li>\n<li class=\"menu-item menu-item-type-post_type menu-item-object-page menu-item-60247\"><a href=\"https:\/\/topa.be\/es\/st-andries\/qr-codes\/qr20\/\" class=\"elementor-item\">QR20 \u2013 Saco de boxeo<\/a><\/li>\n<\/ul>\t\t\t<\/nav>\n\t\t\t\t\t<div class=\"elementor-menu-toggle\" role=\"button\" tabindex=\"0\" aria-label=\"Alternar men\u00fa\" aria-expanded=\"false\">\n\t\t\t<i aria-hidden=\"true\" role=\"presentation\" class=\"elementor-menu-toggle__icon--open eicon-menu-bar\"><\/i><i aria-hidden=\"true\" role=\"presentation\" class=\"elementor-menu-toggle__icon--close eicon-close\"><\/i>\t\t<\/div>\n\t\t\t\t\t<nav class=\"elementor-nav-menu--dropdown elementor-nav-menu__container\" aria-hidden=\"true\">\n\t\t\t\t<ul id=\"menu-2-1bc8556\" class=\"elementor-nav-menu sm-vertical\"><li class=\"menu-item menu-item-type-post_type menu-item-object-page menu-item-60170\"><a href=\"https:\/\/topa.be\/es\/st-andries\/qr-codes\/qr01\/\" class=\"elementor-item\" tabindex=\"-1\">QR01 \u2013 Iglesia de San Andr\u00e9s \u2013 Introducci\u00f3n<\/a><\/li>\n<li class=\"menu-item menu-item-type-post_type menu-item-object-page menu-item-60191\"><a href=\"https:\/\/topa.be\/es\/st-andries\/qr-codes\/qr02\/\" class=\"elementor-item\" tabindex=\"-1\">QR02 \u2013 La historia<\/a><\/li>\n<li class=\"menu-item menu-item-type-post_type menu-item-object-page menu-item-60192\"><a href=\"https:\/\/topa.be\/es\/st-andries\/qr-codes\/qr03\/\" class=\"elementor-item\" tabindex=\"-1\">QR03 \u2013 La torre<\/a><\/li>\n<li class=\"menu-item menu-item-type-post_type menu-item-object-page menu-item-60193\"><a href=\"https:\/\/topa.be\/es\/st-andries\/qr-codes\/qr04\/\" class=\"elementor-item\" tabindex=\"-1\">QR04 \u2013 L\u2019interior<\/a><\/li>\n<li class=\"menu-item menu-item-type-post_type menu-item-object-page menu-item-60194\"><a href=\"https:\/\/topa.be\/es\/st-andries\/qr-codes\/qr05\/\" class=\"elementor-item\" tabindex=\"-1\">QR05 \u2013 El p\u00falpito<\/a><\/li>\n<li class=\"menu-item menu-item-type-post_type menu-item-object-page menu-item-60195\"><a href=\"https:\/\/topa.be\/es\/st-andries\/qr-codes\/qr06\/\" class=\"elementor-item\" tabindex=\"-1\">QR06 \u2013 Altares laterales<\/a><\/li>\n<li class=\"menu-item menu-item-type-post_type menu-item-object-page menu-item-60196\"><a href=\"https:\/\/topa.be\/es\/st-andries\/qr-codes\/qr07\/\" class=\"elementor-item\" tabindex=\"-1\">QR07 \u2013 El Camino de la Vida<\/a><\/li>\n<li class=\"menu-item menu-item-type-post_type menu-item-object-page menu-item-60197\"><a href=\"https:\/\/topa.be\/es\/st-andries\/qr-codes\/qr08\/\" class=\"elementor-item\" tabindex=\"-1\">QR08 \u2013 Monumento a los agustinos<\/a><\/li>\n<li class=\"menu-item menu-item-type-post_type menu-item-object-page menu-item-60198\"><a href=\"https:\/\/topa.be\/es\/st-andries\/qr-codes\/qr09\/\" class=\"elementor-item\" tabindex=\"-1\">QR09 \u2013 El altar de San Eligio de los acu\u00f1adores de la moneda<\/a><\/li>\n<li class=\"menu-item menu-item-type-post_type menu-item-object-page menu-item-60199\"><a href=\"https:\/\/topa.be\/es\/st-andries\/qr-codes\/qr10\/\" class=\"elementor-item\" tabindex=\"-1\">QR10 \u2013 El tesoro<\/a><\/li>\n<li class=\"menu-item menu-item-type-post_type menu-item-object-page menu-item-60200\"><a href=\"https:\/\/topa.be\/es\/st-andries\/qr-codes\/qr11\/\" class=\"elementor-item\" tabindex=\"-1\">QR11 \u2013 La capilla de Nuestra Se\u00f1ora<\/a><\/li>\n<li class=\"menu-item menu-item-type-post_type menu-item-object-page menu-item-60239\"><a href=\"https:\/\/topa.be\/es\/st-andries\/qr-codes\/qr12\/\" class=\"elementor-item\" tabindex=\"-1\">QR12 \u2013 La Hermandad de las Almas Fieles<\/a><\/li>\n<li class=\"menu-item menu-item-type-post_type menu-item-object-page menu-item-60240\"><a href=\"https:\/\/topa.be\/es\/st-andries\/qr-codes\/qr13\/\" class=\"elementor-item\" tabindex=\"-1\">QR13 \u2013 La estatua de San Pedro<\/a><\/li>\n<li class=\"menu-item menu-item-type-post_type menu-item-object-page menu-item-60241\"><a href=\"https:\/\/topa.be\/es\/st-andries\/qr-codes\/qr14\/\" class=\"elementor-item\" tabindex=\"-1\">QR14 \u2013 El altar mayor<\/a><\/li>\n<li class=\"menu-item menu-item-type-post_type menu-item-object-page menu-item-60242\"><a href=\"https:\/\/topa.be\/es\/st-andries\/qr-codes\/qr15\/\" class=\"elementor-item\" tabindex=\"-1\">QR15 \u2013 El martirio de San Andr\u00e9s<\/a><\/li>\n<li class=\"menu-item menu-item-type-post_type menu-item-object-page menu-item-60243\"><a href=\"https:\/\/topa.be\/es\/st-andries\/qr-codes\/qr16\/\" class=\"elementor-item\" tabindex=\"-1\">QR16 \u2013 El coro<\/a><\/li>\n<li class=\"menu-item menu-item-type-post_type menu-item-object-page menu-item-60244\"><a href=\"https:\/\/topa.be\/es\/st-andries\/qr-codes\/qr17\/\" class=\"elementor-item\" tabindex=\"-1\">QR17 \u2013 La Capilla del Santisimo Sacramento<\/a><\/li>\n<li class=\"menu-item menu-item-type-post_type menu-item-object-page menu-item-60245\"><a href=\"https:\/\/topa.be\/es\/st-andries\/qr-codes\/qr18\/\" class=\"elementor-item\" tabindex=\"-1\">QR18 \u2013 El monumento a las cortesanas de Mar\u00eda Estuardo<\/a><\/li>\n<li class=\"menu-item menu-item-type-post_type menu-item-object-page menu-item-60246\"><a href=\"https:\/\/topa.be\/es\/st-andries\/qr-codes\/qr19\/\" class=\"elementor-item\" tabindex=\"-1\">QR19 \u2013 \u00bfQu\u00e9 es la verdad?<\/a><\/li>\n<li class=\"menu-item menu-item-type-post_type menu-item-object-page menu-item-60247\"><a href=\"https:\/\/topa.be\/es\/st-andries\/qr-codes\/qr20\/\" class=\"elementor-item\" tabindex=\"-1\">QR20 \u2013 Saco de boxeo<\/a><\/li>\n<\/ul>\t\t\t<\/nav>\n\t\t\t\t\t\t<\/div>\n\t\t\t\t<\/div>\n\t\t\t\t\t<\/div>\n\t\t<\/div>\n\t\t\t\t\t<\/div>\n\t\t<\/section>\n\t\t\t\t<\/div>\n\t\t","protected":false},"excerpt":{"rendered":"<p>Iglesia di SAN ANDR\u00c9S en Amberes La torre En 1755 la torre g\u00f3tica se derrumb\u00f3, en su lugar se construy\u00f3 una torre barroca con una linterna abierta de madera. Su altura, 58 m, nos dirige hacia Dios, en quien el hombre encontrar\u00e1 su verdadera destinaci\u00f3n. Durante la lucha por la independencia de B\u00e9lgica, la torre [&hellip;]<\/p>\n","protected":false},"author":16,"featured_media":0,"parent":38207,"menu_order":30,"comment_status":"closed","ping_status":"closed","template":"","meta":{"footnotes":""},"class_list":["post-38526","page","type-page","status-publish","hentry"],"aioseo_notices":[],"_links":{"self":[{"href":"https:\/\/topa.be\/es\/wp-json\/wp\/v2\/pages\/38526","targetHints":{"allow":["GET"]}}],"collection":[{"href":"https:\/\/topa.be\/es\/wp-json\/wp\/v2\/pages"}],"about":[{"href":"https:\/\/topa.be\/es\/wp-json\/wp\/v2\/types\/page"}],"author":[{"embeddable":true,"href":"https:\/\/topa.be\/es\/wp-json\/wp\/v2\/users\/16"}],"replies":[{"embeddable":true,"href":"https:\/\/topa.be\/es\/wp-json\/wp\/v2\/comments?post=38526"}],"version-history":[{"count":3,"href":"https:\/\/topa.be\/es\/wp-json\/wp\/v2\/pages\/38526\/revisions"}],"predecessor-version":[{"id":51606,"href":"https:\/\/topa.be\/es\/wp-json\/wp\/v2\/pages\/38526\/revisions\/51606"}],"up":[{"embeddable":true,"href":"https:\/\/topa.be\/es\/wp-json\/wp\/v2\/pages\/38207"}],"wp:attachment":[{"href":"https:\/\/topa.be\/es\/wp-json\/wp\/v2\/media?parent=38526"}],"curies":[{"name":"wp","href":"https:\/\/api.w.org\/{rel}","templated":true}]}}