{"id":39474,"date":"2021-06-08T23:52:23","date_gmt":"2021-06-08T21:52:23","guid":{"rendered":"http:\/\/topa.be\/st-andries\/qr-codes\/sak-qr03-de-toren\/"},"modified":"2021-08-06T20:06:39","modified_gmt":"2021-08-06T18:06:39","slug":"qr03","status":"publish","type":"page","link":"https:\/\/topa.be\/de\/st-andries\/qr-codes\/qr03\/","title":{"rendered":"SAK QR03 \u2013 Der Turm"},"content":{"rendered":"\t\t<div data-elementor-type=\"wp-page\" data-elementor-id=\"39474\" class=\"elementor elementor-39474 elementor-33652\" data-elementor-post-type=\"page\">\n\t\t\t\t\t\t<section class=\"elementor-section elementor-top-section elementor-element elementor-element-443d907 elementor-section-boxed elementor-section-height-default elementor-section-height-default\" data-id=\"443d907\" data-element_type=\"section\" data-e-type=\"section\">\n\t\t\t\t\t\t<div class=\"elementor-container elementor-column-gap-default\">\n\t\t\t\t\t<div class=\"elementor-column elementor-col-66 elementor-top-column elementor-element elementor-element-971cf1a\" data-id=\"971cf1a\" data-element_type=\"column\" data-e-type=\"column\">\n\t\t\t<div class=\"elementor-widget-wrap elementor-element-populated\">\n\t\t\t\t\t\t<div class=\"elementor-element elementor-element-9a087a9 elementor-widget elementor-widget-heading\" data-id=\"9a087a9\" data-element_type=\"widget\" data-e-type=\"widget\" data-widget_type=\"heading.default\">\n\t\t\t\t<div class=\"elementor-widget-container\">\n\t\t\t\t\t<h2 class=\"elementor-heading-title elementor-size-default\">St.-Andreaskirche zu Antwerpen<\/h2>\t\t\t\t<\/div>\n\t\t\t\t<\/div>\n\t\t\t\t<div class=\"elementor-element elementor-element-46cd7db elementor-widget elementor-widget-heading\" data-id=\"46cd7db\" data-element_type=\"widget\" data-e-type=\"widget\" data-widget_type=\"heading.default\">\n\t\t\t\t<div class=\"elementor-widget-container\">\n\t\t\t\t\t<h2 class=\"elementor-heading-title elementor-size-default\">Der Turm<\/h2>\t\t\t\t<\/div>\n\t\t\t\t<\/div>\n\t\t\t\t<div class=\"elementor-element elementor-element-2972e01 elementor-widget elementor-widget-text-editor\" data-id=\"2972e01\" data-element_type=\"widget\" data-e-type=\"widget\" data-widget_type=\"text-editor.default\">\n\t\t\t\t<div class=\"elementor-widget-container\">\n\t\t\t\t\t\t\t\t\t<p style=\"text-align: justify;\">1755 st\u00fcrzte der gotische Turm ein. Ein neuer Turm im barocken Stil und mit einer h\u00f6lz\u00adernen Dach\u00adhaube wurde er\u00adrichtet. Seine symbolische H\u00f6he von 58m weist zum Himmel, zu Gott, in dem der Mensch letztendlich seine wahre Bestimmung findet. Beim Kampf um die Un\u00adab\u00adh\u00e4ngigkeit Belgiens diente der Turm als Aussicht f\u00fcr K\u00f6nig Leopold I. um die holl\u00e4n\u00addischen Trup\u00adpen in der Zitadelle zu be\u00adobachten. Um eine Wieder\u00adho\u00adlung des Szenarios von 1755 zu verhindern, wurde die Turmspitze von 1968 bis 1975 wieder errichtet.<\/p>\n\t\t\t\t\t\t\t\t<\/div>\n\t\t\t\t<\/div>\n\t\t\t\t<div class=\"elementor-element elementor-element-4a0b8fc elementor-widget elementor-widget-button\" data-id=\"4a0b8fc\" data-element_type=\"widget\" data-e-type=\"widget\" data-widget_type=\"button.default\">\n\t\t\t\t<div class=\"elementor-widget-container\">\n\t\t\t\t\t\t\t\t\t<div class=\"elementor-button-wrapper\">\n\t\t\t\t\t<a class=\"elementor-button elementor-button-link elementor-size-sm\" href=\"http:\/\/topa.be\/en\/st-andries\/beschrijving\/toren\/\">\n\t\t\t\t\t\t<span class=\"elementor-button-content-wrapper\">\n\t\t\t\t\t\t<span class=\"elementor-button-icon\">\n\t\t\t\t<i aria-hidden=\"true\" class=\"fas fa-book-reader\"><\/i>\t\t\t<\/span>\n\t\t\t\t\t\t\t\t\t<span class=\"elementor-button-text\">Read more?<\/span>\n\t\t\t\t\t<\/span>\n\t\t\t\t\t<\/a>\n\t\t\t\t<\/div>\n\t\t\t\t\t\t\t\t<\/div>\n\t\t\t\t<\/div>\n\t\t\t\t\t<\/div>\n\t\t<\/div>\n\t\t\t\t<div class=\"elementor-column elementor-col-33 elementor-top-column elementor-element elementor-element-3c3c45d\" data-id=\"3c3c45d\" data-element_type=\"column\" data-e-type=\"column\">\n\t\t\t<div class=\"elementor-widget-wrap elementor-element-populated\">\n\t\t\t\t\t\t<div class=\"elementor-element elementor-element-1bc8556 elementor-nav-menu--dropdown-tablet elementor-nav-menu__text-align-aside elementor-nav-menu--toggle elementor-nav-menu--burger elementor-widget elementor-widget-nav-menu\" data-id=\"1bc8556\" data-element_type=\"widget\" data-e-type=\"widget\" data-settings=\"{&quot;layout&quot;:&quot;vertical&quot;,&quot;submenu_icon&quot;:{&quot;value&quot;:&quot;&lt;i class=\\&quot;fas fa-caret-down\\&quot; aria-hidden=\\&quot;true\\&quot;&gt;&lt;\\\/i&gt;&quot;,&quot;library&quot;:&quot;fa-solid&quot;},&quot;toggle&quot;:&quot;burger&quot;}\" data-widget_type=\"nav-menu.default\">\n\t\t\t\t<div class=\"elementor-widget-container\">\n\t\t\t\t\t\t\t\t<nav aria-label=\"Men\u00fc\" class=\"elementor-nav-menu--main elementor-nav-menu__container elementor-nav-menu--layout-vertical e--pointer-framed e--animation-fade\">\n\t\t\t\t<ul id=\"menu-1-1bc8556\" class=\"elementor-nav-menu sm-vertical\"><li class=\"menu-item menu-item-type-post_type menu-item-object-page menu-item-60168\"><a href=\"https:\/\/topa.be\/de\/st-andries\/qr-codes\/qr01\/\" class=\"elementor-item\">QR01 \u2013 St.-Andreaskirche \u2013 Einf\u00fchrung<\/a><\/li>\n<li class=\"menu-item menu-item-type-post_type menu-item-object-page menu-item-60171\"><a href=\"https:\/\/topa.be\/de\/st-andries\/qr-codes\/qr02\/\" class=\"elementor-item\">QR02 \u2013 Die Geschichte<\/a><\/li>\n<li class=\"menu-item menu-item-type-post_type menu-item-object-page menu-item-60172\"><a href=\"https:\/\/topa.be\/de\/st-andries\/qr-codes\/qr03\/\" class=\"elementor-item\">QR03 \u2013 Der Turm<\/a><\/li>\n<li class=\"menu-item menu-item-type-post_type menu-item-object-page menu-item-60173\"><a href=\"https:\/\/topa.be\/de\/st-andries\/qr-codes\/qr04\/\" class=\"elementor-item\">QR04 \u2013 Das Innerraum<\/a><\/li>\n<li class=\"menu-item menu-item-type-post_type menu-item-object-page menu-item-60174\"><a href=\"https:\/\/topa.be\/de\/st-andries\/qr-codes\/qr05\/\" class=\"elementor-item\">QR05 \u2013 Die Kanzel<\/a><\/li>\n<li class=\"menu-item menu-item-type-post_type menu-item-object-page menu-item-60175\"><a href=\"https:\/\/topa.be\/de\/st-andries\/qr-codes\/qr06\/\" class=\"elementor-item\">QR06 \u2013 Die Seitenalt\u00e4re<\/a><\/li>\n<li class=\"menu-item menu-item-type-post_type menu-item-object-page menu-item-60176\"><a href=\"https:\/\/topa.be\/de\/st-andries\/qr-codes\/qr07\/\" class=\"elementor-item\">QR07 \u2013 Die Reise des Lebens<\/a><\/li>\n<li class=\"menu-item menu-item-type-post_type menu-item-object-page menu-item-60177\"><a href=\"https:\/\/topa.be\/de\/st-andries\/qr-codes\/qr08\/\" class=\"elementor-item\">QR08 \u2013 Epitaph der Augustiner<\/a><\/li>\n<li class=\"menu-item menu-item-type-post_type menu-item-object-page menu-item-60178\"><a href=\"https:\/\/topa.be\/de\/st-andries\/qr-codes\/qr09\/\" class=\"elementor-item\">QR09 \u2013 Sankt Eligius altar der M\u00fcnzer<\/a><\/li>\n<li class=\"menu-item menu-item-type-post_type menu-item-object-page menu-item-60179\"><a href=\"https:\/\/topa.be\/de\/st-andries\/qr-codes\/qr10\/\" class=\"elementor-item\">QR10 \u2013 Die Schatzkammer<\/a><\/li>\n<li class=\"menu-item menu-item-type-post_type menu-item-object-page menu-item-60180\"><a href=\"https:\/\/topa.be\/de\/st-andries\/qr-codes\/qr11\/\" class=\"elementor-item\">QR11 \u2013 Die Marienkapelle<\/a><\/li>\n<li class=\"menu-item menu-item-type-post_type menu-item-object-page menu-item-60221\"><a href=\"https:\/\/topa.be\/de\/st-andries\/qr-codes\/qr12\/\" class=\"elementor-item\">QR12 \u2013 Der Bruderschaft der Gl\u00e4ubigen Seelen<\/a><\/li>\n<li class=\"menu-item menu-item-type-post_type menu-item-object-page menu-item-60222\"><a href=\"https:\/\/topa.be\/de\/st-andries\/qr-codes\/qr13\/\" class=\"elementor-item\">QR13 \u2013 Die Statue des heiligen Petrus<\/a><\/li>\n<li class=\"menu-item menu-item-type-post_type menu-item-object-page menu-item-60223\"><a href=\"https:\/\/topa.be\/de\/st-andries\/qr-codes\/qr14\/\" class=\"elementor-item\">QR14 \u2013 Der Hochaltar<\/a><\/li>\n<li class=\"menu-item menu-item-type-post_type menu-item-object-page menu-item-60224\"><a href=\"https:\/\/topa.be\/de\/st-andries\/qr-codes\/qr15\/\" class=\"elementor-item\">QR15 \u2013 Das Martyrium des heiligen Andreas<\/a><\/li>\n<li class=\"menu-item menu-item-type-post_type menu-item-object-page menu-item-60225\"><a href=\"https:\/\/topa.be\/de\/st-andries\/qr-codes\/qr16\/\" class=\"elementor-item\">QR16 \u2013 Der Chor<\/a><\/li>\n<li class=\"menu-item menu-item-type-post_type menu-item-object-page menu-item-60226\"><a href=\"https:\/\/topa.be\/de\/st-andries\/qr-codes\/qr17\/\" class=\"elementor-item\">QR17 \u2013 Die Kapelle des heiligen Sakramentes<\/a><\/li>\n<li class=\"menu-item menu-item-type-post_type menu-item-object-page menu-item-60227\"><a href=\"https:\/\/topa.be\/de\/st-andries\/qr-codes\/qr18\/\" class=\"elementor-item\">QR18 \u2013 Das Epitaph der Hofdamen von Mary Stuart<\/a><\/li>\n<li class=\"menu-item menu-item-type-post_type menu-item-object-page menu-item-60228\"><a href=\"https:\/\/topa.be\/de\/st-andries\/qr-codes\/qr19\/\" class=\"elementor-item\">QR19 \u2013 Was ist Wahrheit?<\/a><\/li>\n<li class=\"menu-item menu-item-type-post_type menu-item-object-page menu-item-60229\"><a href=\"https:\/\/topa.be\/de\/st-andries\/qr-codes\/qr20\/\" class=\"elementor-item\">QR20 \u2013 Der Boxsack<\/a><\/li>\n<\/ul>\t\t\t<\/nav>\n\t\t\t\t\t<div class=\"elementor-menu-toggle\" role=\"button\" tabindex=\"0\" aria-label=\"Men\u00fc Umschalter\" aria-expanded=\"false\">\n\t\t\t<i aria-hidden=\"true\" role=\"presentation\" class=\"elementor-menu-toggle__icon--open eicon-menu-bar\"><\/i><i aria-hidden=\"true\" role=\"presentation\" class=\"elementor-menu-toggle__icon--close eicon-close\"><\/i>\t\t<\/div>\n\t\t\t\t\t<nav class=\"elementor-nav-menu--dropdown elementor-nav-menu__container\" aria-hidden=\"true\">\n\t\t\t\t<ul id=\"menu-2-1bc8556\" class=\"elementor-nav-menu sm-vertical\"><li class=\"menu-item menu-item-type-post_type menu-item-object-page menu-item-60168\"><a href=\"https:\/\/topa.be\/de\/st-andries\/qr-codes\/qr01\/\" class=\"elementor-item\" tabindex=\"-1\">QR01 \u2013 St.-Andreaskirche \u2013 Einf\u00fchrung<\/a><\/li>\n<li class=\"menu-item menu-item-type-post_type menu-item-object-page menu-item-60171\"><a href=\"https:\/\/topa.be\/de\/st-andries\/qr-codes\/qr02\/\" class=\"elementor-item\" tabindex=\"-1\">QR02 \u2013 Die Geschichte<\/a><\/li>\n<li class=\"menu-item menu-item-type-post_type menu-item-object-page menu-item-60172\"><a href=\"https:\/\/topa.be\/de\/st-andries\/qr-codes\/qr03\/\" class=\"elementor-item\" tabindex=\"-1\">QR03 \u2013 Der Turm<\/a><\/li>\n<li class=\"menu-item menu-item-type-post_type menu-item-object-page menu-item-60173\"><a href=\"https:\/\/topa.be\/de\/st-andries\/qr-codes\/qr04\/\" class=\"elementor-item\" tabindex=\"-1\">QR04 \u2013 Das Innerraum<\/a><\/li>\n<li class=\"menu-item menu-item-type-post_type menu-item-object-page menu-item-60174\"><a href=\"https:\/\/topa.be\/de\/st-andries\/qr-codes\/qr05\/\" class=\"elementor-item\" tabindex=\"-1\">QR05 \u2013 Die Kanzel<\/a><\/li>\n<li class=\"menu-item menu-item-type-post_type menu-item-object-page menu-item-60175\"><a href=\"https:\/\/topa.be\/de\/st-andries\/qr-codes\/qr06\/\" class=\"elementor-item\" tabindex=\"-1\">QR06 \u2013 Die Seitenalt\u00e4re<\/a><\/li>\n<li class=\"menu-item menu-item-type-post_type menu-item-object-page menu-item-60176\"><a href=\"https:\/\/topa.be\/de\/st-andries\/qr-codes\/qr07\/\" class=\"elementor-item\" tabindex=\"-1\">QR07 \u2013 Die Reise des Lebens<\/a><\/li>\n<li class=\"menu-item menu-item-type-post_type menu-item-object-page menu-item-60177\"><a href=\"https:\/\/topa.be\/de\/st-andries\/qr-codes\/qr08\/\" class=\"elementor-item\" tabindex=\"-1\">QR08 \u2013 Epitaph der Augustiner<\/a><\/li>\n<li class=\"menu-item menu-item-type-post_type menu-item-object-page menu-item-60178\"><a href=\"https:\/\/topa.be\/de\/st-andries\/qr-codes\/qr09\/\" class=\"elementor-item\" tabindex=\"-1\">QR09 \u2013 Sankt Eligius altar der M\u00fcnzer<\/a><\/li>\n<li class=\"menu-item menu-item-type-post_type menu-item-object-page menu-item-60179\"><a href=\"https:\/\/topa.be\/de\/st-andries\/qr-codes\/qr10\/\" class=\"elementor-item\" tabindex=\"-1\">QR10 \u2013 Die Schatzkammer<\/a><\/li>\n<li class=\"menu-item menu-item-type-post_type menu-item-object-page menu-item-60180\"><a href=\"https:\/\/topa.be\/de\/st-andries\/qr-codes\/qr11\/\" class=\"elementor-item\" tabindex=\"-1\">QR11 \u2013 Die Marienkapelle<\/a><\/li>\n<li class=\"menu-item menu-item-type-post_type menu-item-object-page menu-item-60221\"><a href=\"https:\/\/topa.be\/de\/st-andries\/qr-codes\/qr12\/\" class=\"elementor-item\" tabindex=\"-1\">QR12 \u2013 Der Bruderschaft der Gl\u00e4ubigen Seelen<\/a><\/li>\n<li class=\"menu-item menu-item-type-post_type menu-item-object-page menu-item-60222\"><a href=\"https:\/\/topa.be\/de\/st-andries\/qr-codes\/qr13\/\" class=\"elementor-item\" tabindex=\"-1\">QR13 \u2013 Die Statue des heiligen Petrus<\/a><\/li>\n<li class=\"menu-item menu-item-type-post_type menu-item-object-page menu-item-60223\"><a href=\"https:\/\/topa.be\/de\/st-andries\/qr-codes\/qr14\/\" class=\"elementor-item\" tabindex=\"-1\">QR14 \u2013 Der Hochaltar<\/a><\/li>\n<li class=\"menu-item menu-item-type-post_type menu-item-object-page menu-item-60224\"><a href=\"https:\/\/topa.be\/de\/st-andries\/qr-codes\/qr15\/\" class=\"elementor-item\" tabindex=\"-1\">QR15 \u2013 Das Martyrium des heiligen Andreas<\/a><\/li>\n<li class=\"menu-item menu-item-type-post_type menu-item-object-page menu-item-60225\"><a href=\"https:\/\/topa.be\/de\/st-andries\/qr-codes\/qr16\/\" class=\"elementor-item\" tabindex=\"-1\">QR16 \u2013 Der Chor<\/a><\/li>\n<li class=\"menu-item menu-item-type-post_type menu-item-object-page menu-item-60226\"><a href=\"https:\/\/topa.be\/de\/st-andries\/qr-codes\/qr17\/\" class=\"elementor-item\" tabindex=\"-1\">QR17 \u2013 Die Kapelle des heiligen Sakramentes<\/a><\/li>\n<li class=\"menu-item menu-item-type-post_type menu-item-object-page menu-item-60227\"><a href=\"https:\/\/topa.be\/de\/st-andries\/qr-codes\/qr18\/\" class=\"elementor-item\" tabindex=\"-1\">QR18 \u2013 Das Epitaph der Hofdamen von Mary Stuart<\/a><\/li>\n<li class=\"menu-item menu-item-type-post_type menu-item-object-page menu-item-60228\"><a href=\"https:\/\/topa.be\/de\/st-andries\/qr-codes\/qr19\/\" class=\"elementor-item\" tabindex=\"-1\">QR19 \u2013 Was ist Wahrheit?<\/a><\/li>\n<li class=\"menu-item menu-item-type-post_type menu-item-object-page menu-item-60229\"><a href=\"https:\/\/topa.be\/de\/st-andries\/qr-codes\/qr20\/\" class=\"elementor-item\" tabindex=\"-1\">QR20 \u2013 Der Boxsack<\/a><\/li>\n<\/ul>\t\t\t<\/nav>\n\t\t\t\t\t\t<\/div>\n\t\t\t\t<\/div>\n\t\t\t\t\t<\/div>\n\t\t<\/div>\n\t\t\t\t\t<\/div>\n\t\t<\/section>\n\t\t\t\t<\/div>\n\t\t","protected":false},"excerpt":{"rendered":"<p>St.-Andreaskirche zu Antwerpen Der Turm 1755 st\u00fcrzte der gotische Turm ein. Ein neuer Turm im barocken Stil und mit einer h\u00f6lz\u00adernen Dach\u00adhaube wurde er\u00adrichtet. Seine symbolische H\u00f6he von 58m weist zum Himmel, zu Gott, in dem der Mensch letztendlich seine wahre Bestimmung findet. Beim Kampf um die Un\u00adab\u00adh\u00e4ngigkeit Belgiens diente der Turm als Aussicht f\u00fcr [&hellip;]<\/p>\n","protected":false},"author":16,"featured_media":0,"parent":39146,"menu_order":30,"comment_status":"closed","ping_status":"closed","template":"","meta":{"footnotes":""},"class_list":["post-39474","page","type-page","status-publish","hentry"],"aioseo_notices":[],"_links":{"self":[{"href":"https:\/\/topa.be\/de\/wp-json\/wp\/v2\/pages\/39474","targetHints":{"allow":["GET"]}}],"collection":[{"href":"https:\/\/topa.be\/de\/wp-json\/wp\/v2\/pages"}],"about":[{"href":"https:\/\/topa.be\/de\/wp-json\/wp\/v2\/types\/page"}],"author":[{"embeddable":true,"href":"https:\/\/topa.be\/de\/wp-json\/wp\/v2\/users\/16"}],"replies":[{"embeddable":true,"href":"https:\/\/topa.be\/de\/wp-json\/wp\/v2\/comments?post=39474"}],"version-history":[{"count":3,"href":"https:\/\/topa.be\/de\/wp-json\/wp\/v2\/pages\/39474\/revisions"}],"predecessor-version":[{"id":51519,"href":"https:\/\/topa.be\/de\/wp-json\/wp\/v2\/pages\/39474\/revisions\/51519"}],"up":[{"embeddable":true,"href":"https:\/\/topa.be\/de\/wp-json\/wp\/v2\/pages\/39146"}],"wp:attachment":[{"href":"https:\/\/topa.be\/de\/wp-json\/wp\/v2\/media?parent=39474"}],"curies":[{"name":"wp","href":"https:\/\/api.w.org\/{rel}","templated":true}]}}