{"id":39464,"date":"2021-06-08T23:38:19","date_gmt":"2021-06-08T21:38:19","guid":{"rendered":"http:\/\/topa.be\/st-andries\/qr-codes\/qr09\/"},"modified":"2021-08-06T20:08:21","modified_gmt":"2021-08-06T18:08:21","slug":"qr09","status":"publish","type":"page","link":"https:\/\/topa.be\/de\/st-andries\/qr-codes\/qr09\/","title":{"rendered":"SAK QR09 \u2013 Sankt Eligius altar der M\u00fcnzer"},"content":{"rendered":"\t\t<div data-elementor-type=\"wp-page\" data-elementor-id=\"39464\" class=\"elementor elementor-39464 elementor-33664\" data-elementor-post-type=\"page\">\n\t\t\t\t\t\t<section class=\"elementor-section elementor-top-section elementor-element elementor-element-08157ca elementor-section-boxed elementor-section-height-default elementor-section-height-default\" data-id=\"08157ca\" data-element_type=\"section\" data-e-type=\"section\">\n\t\t\t\t\t\t<div class=\"elementor-container elementor-column-gap-default\">\n\t\t\t\t\t<div class=\"elementor-column elementor-col-66 elementor-top-column elementor-element elementor-element-80b96cb\" data-id=\"80b96cb\" data-element_type=\"column\" data-e-type=\"column\">\n\t\t\t<div class=\"elementor-widget-wrap elementor-element-populated\">\n\t\t\t\t\t\t<div class=\"elementor-element elementor-element-5a5d34b elementor-widget elementor-widget-heading\" data-id=\"5a5d34b\" data-element_type=\"widget\" data-e-type=\"widget\" data-widget_type=\"heading.default\">\n\t\t\t\t<div class=\"elementor-widget-container\">\n\t\t\t\t\t<h2 class=\"elementor-heading-title elementor-size-default\">St.-Andreaskirche zu Antwerpen<\/h2>\t\t\t\t<\/div>\n\t\t\t\t<\/div>\n\t\t\t\t<div class=\"elementor-element elementor-element-c399a1d elementor-widget elementor-widget-heading\" data-id=\"c399a1d\" data-element_type=\"widget\" data-e-type=\"widget\" data-widget_type=\"heading.default\">\n\t\t\t\t<div class=\"elementor-widget-container\">\n\t\t\t\t\t<h2 class=\"elementor-heading-title elementor-size-default\">Sankt Eligius-Altar der M\u00fcnzer<\/h2>\t\t\t\t<\/div>\n\t\t\t\t<\/div>\n\t\t\t\t<div class=\"elementor-element elementor-element-6af76de elementor-widget elementor-widget-text-editor\" data-id=\"6af76de\" data-element_type=\"widget\" data-e-type=\"widget\" data-widget_type=\"text-editor.default\">\n\t\t\t\t<div class=\"elementor-widget-container\">\n\t\t\t\t\t\t\t\t\t<p style=\"text-align: justify;\">Original-triptych, Maerten de Vos, 1601, im Museum der Bildenden K\u00fcnste von Antwerpen erhalten.<\/p>\n<p style=\"text-align: justify;\">Mitteltafel : eine zeitgen\u00f6ssische Kopie von Agfa-Gevaert<\/p>\n<p style=\"text-align: justify;\">Au\u00dfenw\u00e4nde:\u00a0<em>\u201eDie Gier des Egoismus\u201c<\/em>\u00a0versus\u00a0<em>\u201eDie Gro\u00dfz\u00fcgigkeit der Liebe.\u201c<\/em><\/p>\n<p style=\"text-align: justify;\"><strong>\u00a0<\/strong><\/p>\n<p style=\"text-align: justify;\">Eine neue Kirche in der N\u00e4he des eigenen Zuhauses: Wir schreiben das Jahr 1529, und die M\u00fcnzerei aus der benachbarten Muntstraat \u00fcbersiedelt ihren Altar in die St. Andreaskirche. Der erste Altar wurde von den Bilderst\u00fcrmern vernichtet. Vom zweiten aus dem Jahr 1589 sind ein Altarkreuz und 4 Kerzenst\u00e4nder sowie das Triptychon von Maerten de Vos von 1601, die Predellen und die Seitenbilder bewahrt geblieben. 2001 wurde der Altar aus Anlass der Euro-Einf\u00fchrung rekonstruiert und es wurde ihm eine zeitgem\u00e4\u00dfe Dimension hinzugef\u00fcgt, unter anderem mit Abbildungen des Goldenen Kalbs und des Lamm Gottes. Einige M\u00fcnzen zeigen die Entwicklung des Zahlungssystems, beginnend bei Getreide oder der Bezahlung in Naturalien \u00fcber die r\u00f6mische M\u00fcnze zu Jesus Zeiten und der Antwerpener M\u00fcnze bis hin zu einer \u00d6ffnung f\u00fcr eine eventuelle Weltw\u00e4hrung.<\/p>\n<p style=\"text-align: justify;\">Durch die Rekonstruktion lebte die Hoffnung auf die R\u00fcckkehr des Triptychons wieder auf, das sich im K\u00f6niglichen Museum der Sch\u00f6nen K\u00fcnste in Antwerpen befindet. Es zeigt den Kaiserpfennig oder<em>:\u00a0<\/em><em>\u201e<\/em><em>Gebet denn dem Kaiser, was des Kaisers ist, und Gott, was Gottes ist\u201c<\/em>\u00a0\u2013 das Dilemma, vor das die Z\u00f6llner Jesus stellten (Mt. 22,15-22).<\/p>\n<p style=\"text-align: justify;\">Auf dem linken Fl\u00fcgel ist der Zollpfennig dargestellt, den Petrus aus dem Mund eines Fisches holte, um Zoll f\u00fcr Jesus zu bezahlen (Mt. 17, 24-27), auf dem rechten der Pfennig der Witwe (Mk. 12, 41-44) oder der beabsichtigte Wert eines Geschenks. Auf den Au\u00dfenfl\u00fcgeln spendet Abraham Geld f\u00fcr die Begr\u00e4bnisst\u00e4tte seiner Frau in Hebron (Gen. 23).<\/p>\n<p style=\"text-align: justify;\">Auf den Predellen steht der Schutzheilige St. Eligius, die \u00e4lteste historische Figur Antwerpens. Links bekommt er f\u00fcr seine Fachkenntnis als Goldschmied eine Anerkennung von K\u00f6nig Clotharius II., w\u00e4hrend er rechts als Bischof die Reliquien der M\u00e4rtyrer mit Edelmetall-Schreinen ehrt. Auf dem Nebenfl\u00fcgel schlie\u00dflich werden einander Geiz und Gro\u00dfz\u00fcgigkeit oder Horten sowie Verbergen und Sorge f\u00fcr die Armen gegen\u00fcbergestellt. Ist Ihr Eurogroschen gefallen?<\/p>\n<p style=\"text-align: justify;\"><strong><em>Die Werke der Barmherzigkeit<\/em><\/strong><\/p>\n<p style=\"text-align: justify;\">Gem\u00e4lde, Frans II. Francken, ca. 1600<\/p>\n<p style=\"text-align: justify;\">Dieses pittoreske Werk von Frans II. Francken oder dessen Werkstatt wurde im 19. Jahrhundert in das Epitaph eines Kaplans bei den Kapuzinerschwestern in der St.-Rochusstraat aufgenommen. Bei der Schlie\u00dfung dieses Klosters im Jahr 2001 wurde das Bild gemeinsam mit dem Epitaph Rahmen als thematische Erg\u00e4nzung zu dem in diesem Jahr rekonstruierten M\u00fcnzeraltar hierher gebracht. Der linke Au\u00dfenfl\u00fcgel zeigt\u00a0<em>Die Freigiebigkeit.\u00a0<\/em>Inspiriert von Jesus Worten\u00a0<em>\u201e<\/em><em>alles, was ihr einem der geringsten dieser meiner\u00a0<\/em><em>Br<\/em><em>\u00fc<\/em><em>der getan habt, habt ihr mir getan\u201c\u00a0<\/em>(Mt. 25,40.45) widmen sich die Geistlichen, gekleidet in der W\u00fcrde ihrer Talare, den sieben guten Taten: die Hungrigen speisen, die Durstigen laben, die Nackten ankleiden, die Kranken besuchen, den Fremden Obdach gew\u00e4hren, die politischen Gefangenen befreien. Die siebte gute Tat, die Toten begraben, wurde erst im Mittelalter w\u00e4hrend der Pestepidemien hinzugef\u00fcgt.<\/p>\n<p style=\"text-align: justify;\">Nicht zuf\u00e4llig wird die Verteilung von Brot als eine der wichtigsten Formen der Hilfeleistung umfangreich im Vordergrund abgebildet. Brot war das Grundnahrungsmittel der Armen. Au\u00dferdem fielen die Geistlichen bei dieser Tat der N\u00e4chstenliebe am meisten auf, wenn sie sonntags nach der Messe hinter der Kirche, so wie in St. Andreas, an der Armentafel oder dem \u201eTisch des Heiligen Geistes\u201c die Armenspeisung organisierten. Vor allem allein stehende Frauen mit Kindern, Alte und Behinderte konnten zu ihnen kommen. Das Bild will den Betrachter zu tats\u00e4chlicher N\u00e4chstenliebe und damit zu einer gro\u00dfz\u00fcgigen Spende f\u00fcr die Armen im Allgemeinen und die w\u00f6chentliche Brotverteilung im Speziellen animieren. Besonders verbl\u00fcffend ist die \u00dcbereinstimmung in Komposition und Figuration mit dem riesigen Tuch in der St. Pauluskirche, wo dasselbe Thema von derselben Werkstatt ausgearbeitet wurde.<\/p>\n\t\t\t\t\t\t\t\t<\/div>\n\t\t\t\t<\/div>\n\t\t\t\t<div class=\"elementor-element elementor-element-b6afe91 elementor-widget elementor-widget-button\" data-id=\"b6afe91\" data-element_type=\"widget\" data-e-type=\"widget\" data-widget_type=\"button.default\">\n\t\t\t\t<div class=\"elementor-widget-container\">\n\t\t\t\t\t\t\t\t\t<div class=\"elementor-button-wrapper\">\n\t\t\t\t\t<a class=\"elementor-button elementor-button-link elementor-size-sm\" href=\"http:\/\/topa.be\/en\/st-andries\/beschrijving\/muntersaltaar\/\">\n\t\t\t\t\t\t<span class=\"elementor-button-content-wrapper\">\n\t\t\t\t\t\t<span class=\"elementor-button-icon\">\n\t\t\t\t<i aria-hidden=\"true\" class=\"fas fa-book-reader\"><\/i>\t\t\t<\/span>\n\t\t\t\t\t\t\t\t\t<span class=\"elementor-button-text\">Read more?<\/span>\n\t\t\t\t\t<\/span>\n\t\t\t\t\t<\/a>\n\t\t\t\t<\/div>\n\t\t\t\t\t\t\t\t<\/div>\n\t\t\t\t<\/div>\n\t\t\t\t\t<\/div>\n\t\t<\/div>\n\t\t\t\t<div class=\"elementor-column elementor-col-33 elementor-top-column elementor-element elementor-element-774419f\" data-id=\"774419f\" data-element_type=\"column\" data-e-type=\"column\">\n\t\t\t<div class=\"elementor-widget-wrap elementor-element-populated\">\n\t\t\t\t\t\t<div class=\"elementor-element elementor-element-7087750 elementor-nav-menu--dropdown-tablet elementor-nav-menu__text-align-aside elementor-nav-menu--toggle elementor-nav-menu--burger elementor-widget elementor-widget-nav-menu\" data-id=\"7087750\" data-element_type=\"widget\" data-e-type=\"widget\" data-settings=\"{&quot;layout&quot;:&quot;vertical&quot;,&quot;submenu_icon&quot;:{&quot;value&quot;:&quot;&lt;i class=\\&quot;fas fa-caret-down\\&quot; aria-hidden=\\&quot;true\\&quot;&gt;&lt;\\\/i&gt;&quot;,&quot;library&quot;:&quot;fa-solid&quot;},&quot;toggle&quot;:&quot;burger&quot;}\" data-widget_type=\"nav-menu.default\">\n\t\t\t\t<div class=\"elementor-widget-container\">\n\t\t\t\t\t\t\t\t<nav aria-label=\"Men\u00fc\" class=\"elementor-nav-menu--main elementor-nav-menu__container elementor-nav-menu--layout-vertical e--pointer-framed e--animation-fade\">\n\t\t\t\t<ul id=\"menu-1-7087750\" class=\"elementor-nav-menu sm-vertical\"><li class=\"menu-item menu-item-type-post_type menu-item-object-page menu-item-60168\"><a href=\"https:\/\/topa.be\/de\/st-andries\/qr-codes\/qr01\/\" class=\"elementor-item\">QR01 \u2013 St.-Andreaskirche \u2013 Einf\u00fchrung<\/a><\/li>\n<li class=\"menu-item menu-item-type-post_type menu-item-object-page menu-item-60171\"><a href=\"https:\/\/topa.be\/de\/st-andries\/qr-codes\/qr02\/\" class=\"elementor-item\">QR02 \u2013 Die Geschichte<\/a><\/li>\n<li class=\"menu-item menu-item-type-post_type menu-item-object-page menu-item-60172\"><a href=\"https:\/\/topa.be\/de\/st-andries\/qr-codes\/qr03\/\" class=\"elementor-item\">QR03 \u2013 Der Turm<\/a><\/li>\n<li class=\"menu-item menu-item-type-post_type menu-item-object-page menu-item-60173\"><a href=\"https:\/\/topa.be\/de\/st-andries\/qr-codes\/qr04\/\" class=\"elementor-item\">QR04 \u2013 Das Innerraum<\/a><\/li>\n<li class=\"menu-item menu-item-type-post_type menu-item-object-page menu-item-60174\"><a href=\"https:\/\/topa.be\/de\/st-andries\/qr-codes\/qr05\/\" class=\"elementor-item\">QR05 \u2013 Die Kanzel<\/a><\/li>\n<li class=\"menu-item menu-item-type-post_type menu-item-object-page menu-item-60175\"><a href=\"https:\/\/topa.be\/de\/st-andries\/qr-codes\/qr06\/\" class=\"elementor-item\">QR06 \u2013 Die Seitenalt\u00e4re<\/a><\/li>\n<li class=\"menu-item menu-item-type-post_type menu-item-object-page menu-item-60176\"><a href=\"https:\/\/topa.be\/de\/st-andries\/qr-codes\/qr07\/\" class=\"elementor-item\">QR07 \u2013 Die Reise des Lebens<\/a><\/li>\n<li class=\"menu-item menu-item-type-post_type menu-item-object-page menu-item-60177\"><a href=\"https:\/\/topa.be\/de\/st-andries\/qr-codes\/qr08\/\" class=\"elementor-item\">QR08 \u2013 Epitaph der Augustiner<\/a><\/li>\n<li class=\"menu-item menu-item-type-post_type menu-item-object-page menu-item-60178\"><a href=\"https:\/\/topa.be\/de\/st-andries\/qr-codes\/qr09\/\" class=\"elementor-item\">QR09 \u2013 Sankt Eligius altar der M\u00fcnzer<\/a><\/li>\n<li class=\"menu-item menu-item-type-post_type menu-item-object-page menu-item-60179\"><a href=\"https:\/\/topa.be\/de\/st-andries\/qr-codes\/qr10\/\" class=\"elementor-item\">QR10 \u2013 Die Schatzkammer<\/a><\/li>\n<li class=\"menu-item menu-item-type-post_type menu-item-object-page menu-item-60180\"><a href=\"https:\/\/topa.be\/de\/st-andries\/qr-codes\/qr11\/\" class=\"elementor-item\">QR11 \u2013 Die Marienkapelle<\/a><\/li>\n<li class=\"menu-item menu-item-type-post_type menu-item-object-page menu-item-60221\"><a href=\"https:\/\/topa.be\/de\/st-andries\/qr-codes\/qr12\/\" class=\"elementor-item\">QR12 \u2013 Der Bruderschaft der Gl\u00e4ubigen Seelen<\/a><\/li>\n<li class=\"menu-item menu-item-type-post_type menu-item-object-page menu-item-60222\"><a href=\"https:\/\/topa.be\/de\/st-andries\/qr-codes\/qr13\/\" class=\"elementor-item\">QR13 \u2013 Die Statue des heiligen Petrus<\/a><\/li>\n<li class=\"menu-item menu-item-type-post_type menu-item-object-page menu-item-60223\"><a href=\"https:\/\/topa.be\/de\/st-andries\/qr-codes\/qr14\/\" class=\"elementor-item\">QR14 \u2013 Der Hochaltar<\/a><\/li>\n<li class=\"menu-item menu-item-type-post_type menu-item-object-page menu-item-60224\"><a href=\"https:\/\/topa.be\/de\/st-andries\/qr-codes\/qr15\/\" class=\"elementor-item\">QR15 \u2013 Das Martyrium des heiligen Andreas<\/a><\/li>\n<li class=\"menu-item menu-item-type-post_type menu-item-object-page menu-item-60225\"><a href=\"https:\/\/topa.be\/de\/st-andries\/qr-codes\/qr16\/\" class=\"elementor-item\">QR16 \u2013 Der Chor<\/a><\/li>\n<li class=\"menu-item menu-item-type-post_type menu-item-object-page menu-item-60226\"><a href=\"https:\/\/topa.be\/de\/st-andries\/qr-codes\/qr17\/\" class=\"elementor-item\">QR17 \u2013 Die Kapelle des heiligen Sakramentes<\/a><\/li>\n<li class=\"menu-item menu-item-type-post_type menu-item-object-page menu-item-60227\"><a href=\"https:\/\/topa.be\/de\/st-andries\/qr-codes\/qr18\/\" class=\"elementor-item\">QR18 \u2013 Das Epitaph der Hofdamen von Mary Stuart<\/a><\/li>\n<li class=\"menu-item menu-item-type-post_type menu-item-object-page menu-item-60228\"><a href=\"https:\/\/topa.be\/de\/st-andries\/qr-codes\/qr19\/\" class=\"elementor-item\">QR19 \u2013 Was ist Wahrheit?<\/a><\/li>\n<li class=\"menu-item menu-item-type-post_type menu-item-object-page menu-item-60229\"><a href=\"https:\/\/topa.be\/de\/st-andries\/qr-codes\/qr20\/\" class=\"elementor-item\">QR20 \u2013 Der Boxsack<\/a><\/li>\n<\/ul>\t\t\t<\/nav>\n\t\t\t\t\t<div class=\"elementor-menu-toggle\" role=\"button\" tabindex=\"0\" aria-label=\"Men\u00fc Umschalter\" aria-expanded=\"false\">\n\t\t\t<i aria-hidden=\"true\" role=\"presentation\" class=\"elementor-menu-toggle__icon--open eicon-menu-bar\"><\/i><i aria-hidden=\"true\" role=\"presentation\" class=\"elementor-menu-toggle__icon--close eicon-close\"><\/i>\t\t<\/div>\n\t\t\t\t\t<nav class=\"elementor-nav-menu--dropdown elementor-nav-menu__container\" aria-hidden=\"true\">\n\t\t\t\t<ul id=\"menu-2-7087750\" class=\"elementor-nav-menu sm-vertical\"><li class=\"menu-item menu-item-type-post_type menu-item-object-page menu-item-60168\"><a href=\"https:\/\/topa.be\/de\/st-andries\/qr-codes\/qr01\/\" class=\"elementor-item\" tabindex=\"-1\">QR01 \u2013 St.-Andreaskirche \u2013 Einf\u00fchrung<\/a><\/li>\n<li class=\"menu-item menu-item-type-post_type menu-item-object-page menu-item-60171\"><a href=\"https:\/\/topa.be\/de\/st-andries\/qr-codes\/qr02\/\" class=\"elementor-item\" tabindex=\"-1\">QR02 \u2013 Die Geschichte<\/a><\/li>\n<li class=\"menu-item menu-item-type-post_type menu-item-object-page menu-item-60172\"><a href=\"https:\/\/topa.be\/de\/st-andries\/qr-codes\/qr03\/\" class=\"elementor-item\" tabindex=\"-1\">QR03 \u2013 Der Turm<\/a><\/li>\n<li class=\"menu-item menu-item-type-post_type menu-item-object-page menu-item-60173\"><a href=\"https:\/\/topa.be\/de\/st-andries\/qr-codes\/qr04\/\" class=\"elementor-item\" tabindex=\"-1\">QR04 \u2013 Das Innerraum<\/a><\/li>\n<li class=\"menu-item menu-item-type-post_type menu-item-object-page menu-item-60174\"><a href=\"https:\/\/topa.be\/de\/st-andries\/qr-codes\/qr05\/\" class=\"elementor-item\" tabindex=\"-1\">QR05 \u2013 Die Kanzel<\/a><\/li>\n<li class=\"menu-item menu-item-type-post_type menu-item-object-page menu-item-60175\"><a href=\"https:\/\/topa.be\/de\/st-andries\/qr-codes\/qr06\/\" class=\"elementor-item\" tabindex=\"-1\">QR06 \u2013 Die Seitenalt\u00e4re<\/a><\/li>\n<li class=\"menu-item menu-item-type-post_type menu-item-object-page menu-item-60176\"><a href=\"https:\/\/topa.be\/de\/st-andries\/qr-codes\/qr07\/\" class=\"elementor-item\" tabindex=\"-1\">QR07 \u2013 Die Reise des Lebens<\/a><\/li>\n<li class=\"menu-item menu-item-type-post_type menu-item-object-page menu-item-60177\"><a href=\"https:\/\/topa.be\/de\/st-andries\/qr-codes\/qr08\/\" class=\"elementor-item\" tabindex=\"-1\">QR08 \u2013 Epitaph der Augustiner<\/a><\/li>\n<li class=\"menu-item menu-item-type-post_type menu-item-object-page menu-item-60178\"><a href=\"https:\/\/topa.be\/de\/st-andries\/qr-codes\/qr09\/\" class=\"elementor-item\" tabindex=\"-1\">QR09 \u2013 Sankt Eligius altar der M\u00fcnzer<\/a><\/li>\n<li class=\"menu-item menu-item-type-post_type menu-item-object-page menu-item-60179\"><a href=\"https:\/\/topa.be\/de\/st-andries\/qr-codes\/qr10\/\" class=\"elementor-item\" tabindex=\"-1\">QR10 \u2013 Die Schatzkammer<\/a><\/li>\n<li class=\"menu-item menu-item-type-post_type menu-item-object-page menu-item-60180\"><a href=\"https:\/\/topa.be\/de\/st-andries\/qr-codes\/qr11\/\" class=\"elementor-item\" tabindex=\"-1\">QR11 \u2013 Die Marienkapelle<\/a><\/li>\n<li class=\"menu-item menu-item-type-post_type menu-item-object-page menu-item-60221\"><a href=\"https:\/\/topa.be\/de\/st-andries\/qr-codes\/qr12\/\" class=\"elementor-item\" tabindex=\"-1\">QR12 \u2013 Der Bruderschaft der Gl\u00e4ubigen Seelen<\/a><\/li>\n<li class=\"menu-item menu-item-type-post_type menu-item-object-page menu-item-60222\"><a href=\"https:\/\/topa.be\/de\/st-andries\/qr-codes\/qr13\/\" class=\"elementor-item\" tabindex=\"-1\">QR13 \u2013 Die Statue des heiligen Petrus<\/a><\/li>\n<li class=\"menu-item menu-item-type-post_type menu-item-object-page menu-item-60223\"><a href=\"https:\/\/topa.be\/de\/st-andries\/qr-codes\/qr14\/\" class=\"elementor-item\" tabindex=\"-1\">QR14 \u2013 Der Hochaltar<\/a><\/li>\n<li class=\"menu-item menu-item-type-post_type menu-item-object-page menu-item-60224\"><a href=\"https:\/\/topa.be\/de\/st-andries\/qr-codes\/qr15\/\" class=\"elementor-item\" tabindex=\"-1\">QR15 \u2013 Das Martyrium des heiligen Andreas<\/a><\/li>\n<li class=\"menu-item menu-item-type-post_type menu-item-object-page menu-item-60225\"><a href=\"https:\/\/topa.be\/de\/st-andries\/qr-codes\/qr16\/\" class=\"elementor-item\" tabindex=\"-1\">QR16 \u2013 Der Chor<\/a><\/li>\n<li class=\"menu-item menu-item-type-post_type menu-item-object-page menu-item-60226\"><a href=\"https:\/\/topa.be\/de\/st-andries\/qr-codes\/qr17\/\" class=\"elementor-item\" tabindex=\"-1\">QR17 \u2013 Die Kapelle des heiligen Sakramentes<\/a><\/li>\n<li class=\"menu-item menu-item-type-post_type menu-item-object-page menu-item-60227\"><a href=\"https:\/\/topa.be\/de\/st-andries\/qr-codes\/qr18\/\" class=\"elementor-item\" tabindex=\"-1\">QR18 \u2013 Das Epitaph der Hofdamen von Mary Stuart<\/a><\/li>\n<li class=\"menu-item menu-item-type-post_type menu-item-object-page menu-item-60228\"><a href=\"https:\/\/topa.be\/de\/st-andries\/qr-codes\/qr19\/\" class=\"elementor-item\" tabindex=\"-1\">QR19 \u2013 Was ist Wahrheit?<\/a><\/li>\n<li class=\"menu-item menu-item-type-post_type menu-item-object-page menu-item-60229\"><a href=\"https:\/\/topa.be\/de\/st-andries\/qr-codes\/qr20\/\" class=\"elementor-item\" tabindex=\"-1\">QR20 \u2013 Der Boxsack<\/a><\/li>\n<\/ul>\t\t\t<\/nav>\n\t\t\t\t\t\t<\/div>\n\t\t\t\t<\/div>\n\t\t\t\t\t<\/div>\n\t\t<\/div>\n\t\t\t\t\t<\/div>\n\t\t<\/section>\n\t\t\t\t<\/div>\n\t\t","protected":false},"excerpt":{"rendered":"<p>St.-Andreaskirche zu Antwerpen Sankt Eligius-Altar der M\u00fcnzer Original-triptych, Maerten de Vos, 1601, im Museum der Bildenden K\u00fcnste von Antwerpen erhalten. Mitteltafel : eine zeitgen\u00f6ssische Kopie von Agfa-Gevaert Au\u00dfenw\u00e4nde:\u00a0\u201eDie Gier des Egoismus\u201c\u00a0versus\u00a0\u201eDie Gro\u00dfz\u00fcgigkeit der Liebe.\u201c \u00a0 Eine neue Kirche in der N\u00e4he des eigenen Zuhauses: Wir schreiben das Jahr 1529, und die M\u00fcnzerei aus der benachbarten [&hellip;]<\/p>\n","protected":false},"author":16,"featured_media":0,"parent":39146,"menu_order":90,"comment_status":"closed","ping_status":"closed","template":"","meta":{"footnotes":""},"class_list":["post-39464","page","type-page","status-publish","hentry"],"aioseo_notices":[],"_links":{"self":[{"href":"https:\/\/topa.be\/de\/wp-json\/wp\/v2\/pages\/39464","targetHints":{"allow":["GET"]}}],"collection":[{"href":"https:\/\/topa.be\/de\/wp-json\/wp\/v2\/pages"}],"about":[{"href":"https:\/\/topa.be\/de\/wp-json\/wp\/v2\/types\/page"}],"author":[{"embeddable":true,"href":"https:\/\/topa.be\/de\/wp-json\/wp\/v2\/users\/16"}],"replies":[{"embeddable":true,"href":"https:\/\/topa.be\/de\/wp-json\/wp\/v2\/comments?post=39464"}],"version-history":[{"count":3,"href":"https:\/\/topa.be\/de\/wp-json\/wp\/v2\/pages\/39464\/revisions"}],"predecessor-version":[{"id":51528,"href":"https:\/\/topa.be\/de\/wp-json\/wp\/v2\/pages\/39464\/revisions\/51528"}],"up":[{"embeddable":true,"href":"https:\/\/topa.be\/de\/wp-json\/wp\/v2\/pages\/39146"}],"wp:attachment":[{"href":"https:\/\/topa.be\/de\/wp-json\/wp\/v2\/media?parent=39464"}],"curies":[{"name":"wp","href":"https:\/\/api.w.org\/{rel}","templated":true}]}}